{"id":133,"date":"2019-09-14T21:41:24","date_gmt":"2019-09-14T19:41:24","guid":{"rendered":"https:\/\/www.festivalvedy.sk\/wp2\/?page_id=133"},"modified":"2025-07-09T10:18:11","modified_gmt":"2025-07-09T08:18:11","slug":"postupy","status":"publish","type":"page","link":"https:\/\/www.festivalvedy.sk\/wp2\/postupy\/","title":{"rendered":"Cesty v\u00ed\u0165azov do zahrani\u010dia"},"content":{"rendered":"<p><section class=\"kc-elm kc-css-735543 kc_row\"><div class=\"kc-row-container  kc-container\"><div class=\"kc-wrap-columns\"><div class=\"kc-elm kc-css-42293 kc_col-sm-12 kc_column kc_col-sm-12\"><div class=\"kc-col-container\"><div class=\"kc-elm kc-css-828008 kc_text_block\"><\/p>\n<div data-v-1d108b97=\"\" class=\"px-2 pt-5 pb-5 item-body w-full\">\n<div data-v-1d108b97=\"\" class=\"text-deeplyneutral-900 text-bodymedium14 dark:text-deeplyneutral-200\">\n<div data-v-1d108b97=\"\" style=\"white-space: pre-wrap;\">\n<p class=\"pb-2\">Naj\u0161ikovnej\u0161\u00edch mlad\u00fdch ved\u00e1torov ka\u017edoro\u010dne vysielame na n\u00e1rodn\u00e9 a medzin\u00e1rodn\u00e9 s\u00fa\u0165a\u017ee. V\u00ed\u0165azi 28. ro\u010dn\u00edka Festivalu vedy a techniky AMAVET 2025 bud\u00fa nominovan\u00ed na zahrani\u010dn\u00e9 vedeck\u00e9 s\u00fa\u0165a\u017ee, prehliadky a v roku 2026 bud\u00fa reprezentova\u0165 Slovensko na medzin\u00e1rodnej \u00farovni.<\/p>\n<\/div>\n<\/div>\n<\/div>\n<p>\n<\/div><div class=\"kc-elm kc-css-146705\" style=\"height: 20px; clear: both; width:100%;\"><\/div><\/div><\/div><\/div><\/div><\/section><section class=\"kc-elm kc-css-875423 kc_row\"><div class=\"kc-row-container  kc-container\"><div class=\"kc-wrap-columns\"><div class=\"kc-elm kc-css-532174 kc_col-sm-12 kc_column kc_col-sm-12\"><div class=\"kc-col-container\">\n<div class=\"kc-elm kc-css-97721 kc-title-wrap \">\n\n\t<h1 class=\"kc_title\">ISEF<\/h1>\n<\/div>\n\n<div class=\"kc-elm kc-css-920717 kc-title-wrap \">\n\n\t<h2 class=\"kc_title\">USA<\/h2>\n<\/div>\n<div class=\"kc-elm kc-css-848584 kc_text_block\"><\/p>\n<p><img loading=\"lazy\" decoding=\"async\" class=\"alignleft\" src=\"https:\/\/www.festivalvedy.sk\/wp2\/wp-content\/uploads\/2019\/09\/SSP_logo864x464.jpg\" alt=\"\" width=\"202\" height=\"113\" \/><strong>ISEF<\/strong> (International Science and Engineering Fair) je najv\u00e4\u010d\u0161ia a najprest\u00ed\u017enej\u0161ia medzin\u00e1rodn\u00e1 s\u00fa\u0165a\u017e v oblasti vedy a techniky. Usporad\u00fava sa ka\u017ed\u00fd rok v m\u00e1ji v\u017edy v inom meste v USA. O postup na t\u00fato s\u00fa\u0165a\u017e bojuj\u00fa mili\u00f3ny \u0161tudentov na n\u00e1rodn\u00fdch vedeck\u00fdch s\u00fa\u0165a\u017eiach po celom svete, no len pribli\u017ene 1800 z nich dostane \u0161ancu s\u00fa\u0165a\u017ei\u0165 na ISEF-e o spolu 5 mili\u00f3nov dol\u00e1rov v odmen\u00e1ch, \u0161tipendi\u00e1ch a grantoch. AMAVET z\u00edskal afili\u00e1ciu vysiela\u0165 za Slovensko v\u00ed\u0165azov Festivalu vedy a techniky AMAVET.<\/p>\n<p>\n<\/div>\n<div class=\"kc-elm kc-css-77248 divider_line\">\n\t<div class=\"divider_inner divider_line1\">\n\t\t\t<\/div>\n<\/div>\n\n<div class=\"kc-elm kc-css-286223 kc-title-wrap \">\n\n\t<h1 class=\"kc_title\">EUCYS<\/h1>\n<\/div>\n\n<div class=\"kc-elm kc-css-415644 kc-title-wrap \">\n\n\t<h2 class=\"kc_title\">Eur\u00f3pska \u00fania<\/h2>\n<\/div>\n<div class=\"kc-elm kc-css-345116 kc_text_block\"><\/p>\n<p><img loading=\"lazy\" decoding=\"async\" class=\" alignleft\" src=\"https:\/\/www.festivalvedy.sk\/wp2\/wp-content\/uploads\/2019\/09\/eucys-e1568489278942.png\" alt=\"\" width=\"118\" height=\"96\" \/><\/p>\n<div class=\"q_elements_item \" data-animation=\"no\">\n<div class=\"q_elements_item_inner\">\n<div class=\"q_elements_item_content q_elements_holder_custom_485104\">\n<div class=\"ult_exp_section_layer \">\n<div class=\"ult_exp_content ult_active_section\">\n<div class=\"ult_ecpsub_cont\">\n<div class=\"wpb_text_column wpb_content_element \">\n<div class=\"wpb_wrapper\">\n<p>S\u00fa\u0165a\u017e<b>\u00a0EUCYS<\/b> (European Union Contest for Young Scientists) je iniciat\u00edvou Eur\u00f3pskej komisie s cie\u013eom podporova\u0165 spolupr\u00e1cu a v\u00fdmenu medzi mlad\u00fdmi vedcami a podporuje ich smerom k bud\u00facej kari\u00e9re vo vede a technike. Po\u010das s\u00fa\u0165a\u017ee, ktor\u00e1 sa kon\u00e1 v\u017edy v inej eur\u00f3pskej krajine v septembri, \u0161tudenti prezentuj\u00fa svoj projekt porote, ktor\u00e1 sa sklad\u00e1 z \u00faspe\u0161n\u00fdch vedcov z cel\u00e9ho kontinentu. Udalos\u0165 je otvoren\u00e1 aj verejnosti, ktor\u00e1 si m\u00f4\u017ee pr\u00eds\u0165 pozrie\u0165 projekty a p\u00fdta\u0165 sa ot\u00e1zky.\u00a0<\/p>\n<\/div>\n<\/div>\n<\/div>\n<\/div>\n<\/div>\n<\/div>\n<\/div>\n<\/div>\n<p>\n<\/div>\n<div class=\"kc-elm kc-css-447640 divider_line\">\n\t<div class=\"divider_inner divider_line1\">\n\t\t\t<\/div>\n<\/div>\n\n<div class=\"kc-elm kc-css-445774 kc-title-wrap \">\n\n\t<h1 class=\"kc_title\">Genius Olympiad<\/h1>\n<\/div>\n\n<div class=\"kc-elm kc-css-831248 kc-title-wrap \">\n\n\t<h2 class=\"kc_title\">USA<\/h2>\n<\/div>\n<div class=\"kc-elm kc-css-982014 kc_text_block\"><\/p>\n<p style=\"text-align: left;\"><img loading=\"lazy\" decoding=\"async\" class=\"alignleft\" src=\"https:\/\/www.festivalvedy.sk\/wp2\/wp-content\/uploads\/2024\/07\/Genius-logo.png\" alt=\"\" width=\"113\" height=\"31\" \/><strong> Genius Olympiad<\/strong> (USA) je medzin\u00e1rodn\u00e1 s\u00fa\u0165a\u017e pre stredo\u0161kol\u00e1kov zameran\u00e1 na environment\u00e1lne probl\u00e9my. S\u00fa\u0165a\u017e host\u00ed Rochester Institute of Technology v meste Rochester, USA. Genius Olympiad pon\u00faka s\u00fa\u0165a\u017ee v r\u00f4znych kateg\u00f3ri\u00e1ch, ako s\u00fa veda, podnikanie, umenie, hudba, p\u00edsanie, kr\u00e1tky film a najnov\u0161ie aj programovanie. S\u00fa\u0165a\u017e sa kon\u00e1 ka\u017ed\u00fd rok, kde \u0161tudenti predkladaj\u00fa svoje projekty a prezent\u00e1cie, ktor\u00e9 s\u00fa potom hodnoten\u00e9 expertmi. Cie\u013eom s\u00fa\u0165a\u017ee je podpori\u0165 kreat\u00edvne a inovat\u00edvne rie\u0161enia environment\u00e1lnych probl\u00e9mov a povzbudi\u0165 mlad\u00fdch \u013eud\u00ed k z\u00e1ujmu o ochranu \u017eivotn\u00e9ho prostredia. \u00da\u010dastn\u00edci maj\u00fa pr\u00edle\u017eitos\u0165 z\u00edska\u0165 r\u00f4zne ocenenia a \u0161tipendi\u00e1 na \u0161t\u00fadium na Rochester Institute of Technology.<\/p>\n<div class=\"flex justify-end py-2 text-neutral-400\">\n<div class=\"inline-flex items-center\">\n<div class=\"hover:text-primary-400 hover:cursor-pointer\">\u00a0<\/div>\n<\/div>\n<\/div>\n<p>\n<\/div>\n<div class=\"kc-elm kc-css-800205 divider_line\">\n\t<div class=\"divider_inner divider_line1\">\n\t\t\t<\/div>\n<\/div>\n\n<div class=\"kc-elm kc-css-353250 kc-title-wrap \">\n\n\t<h1 class=\"kc_title\">The Milset Expo-Sciences International (ESI)<\/h1>\n<\/div>\n<div class=\"kc-elm kc-css-908446 kc_text_block\"><\/p>\n<p><img loading=\"lazy\" decoding=\"async\" class=\"alignleft\" src=\"https:\/\/www.festivalvedy.sk\/wp2\/wp-content\/uploads\/2019\/09\/MILSET-web.png\" alt=\"Logo MILSET\" width=\"161\" height=\"95\" \/><\/p>\n<p class=\"MsoNormal\"><span style=\"font-style: inherit;\">The Milset Expo-Sciences International (ESI) je svetov\u00e1 v\u00fdstava vedeck\u00fdch pr\u00e1c mlad\u00fdch vedcov, v\u00ed\u0165azov n\u00e1rodn\u00fdch k\u00f4l vedeck\u00fdch s\u00fa\u0165a\u017e\u00ed. ESI sa kon\u00e1 ka\u017ed\u00e9 dva roky, v\u017edy na inom kontinente. Cie\u013eom ESI je prehliadka vedeck\u00fdch projektov vytvoren\u00fdch de\u0165mi a mlad\u00fdmi \u013eu\u010fmi prostredn\u00edctvom v\u00fdstavy v multikult\u00farnom prostred\u00ed, ktor\u00e9 umo\u017e\u0148uje \u00fa\u010das\u0165 in\u0161tit\u00faci\u00ed, ktor\u00e9 chc\u00fa pom\u00e1ha\u0165 mlad\u00fdm \u013eu\u010fom v ich projektoch.<\/span><\/p>\n<p>\n<\/div>\n<div class=\"kc-elm kc-css-820235 divider_line\">\n\t<div class=\"divider_inner divider_line1\">\n\t\t\t<\/div>\n<\/div>\n\n<div class=\"kc-elm kc-css-921450 kc-title-wrap \">\n\n\t<h1 class=\"kc_title\">The Milset Expo-Sciences Europe (ESE)<\/h1>\n<\/div>\n<div class=\"kc-elm kc-css-318654 kc_text_block\"><\/p>\n<p><img loading=\"lazy\" decoding=\"async\" class=\"alignleft\" src=\"https:\/\/www.festivalvedy.sk\/wp2\/wp-content\/uploads\/2019\/09\/MILSET-web.png\" alt=\"Logo MILSET\" width=\"161\" height=\"95\" \/><\/p>\n<p class=\"MsoNormal\"><span style=\"font-style: inherit;\">Milset Expo-Sciences Europe (ESE) je\u00a0 eur\u00f3pska v\u00fdstava vedeck\u00fdch pr\u00e1c mlad\u00fdch vedcov, v\u00ed\u0165azov n\u00e1rodn\u00fdch k\u00f4l vedeck\u00fdch s\u00fa\u0165a\u017e\u00ed. ESI sa kon\u00e1 ka\u017ed\u00e9 dva roky, v\u017edy v inom eur\u00f3pskom \u0161t\u00e1te. <\/span>Cie\u013eom ESE je propag\u00e1cia vedeck\u00fdch projektov vytvoren\u00fdch de\u0165mi a mlad\u00fdmi \u013eu\u010fmi prostredn\u00edctvom v\u00fdstavy v multikult\u00farnom prostred\u00ed, ktor\u00e9 umo\u017e\u0148uje \u00fa\u010das\u0165 in\u0161tit\u00faci\u00ed, ktor\u00e9 chc\u00fa pom\u00e1ha\u0165 mlad\u00fdm \u013eu\u010fom v ich projektoch.<\/p>\n<p>\n<\/div>\n<div class=\"kc-elm kc-css-853797 divider_line\">\n\t<div class=\"divider_inner divider_line1\">\n\t\t\t<\/div>\n<\/div>\n\n<div class=\"kc-elm kc-css-256838 kc-title-wrap \">\n\n\t<h1 class=\"kc_title\">Exporecerca Jove<\/h1>\n<\/div>\n\n<div class=\"kc-elm kc-css-303846 kc-title-wrap \">\n\n\t<h2 class=\"kc_title\">Barcelona, \u0160panielsko<\/h2>\n<\/div>\n<div class=\"kc-elm kc-css-950612 kc_text_block\"><\/p>\n<p><img loading=\"lazy\" decoding=\"async\" class=\"alignleft\" src=\"https:\/\/www.festivalvedy.sk\/wp2\/wp-content\/uploads\/2024\/07\/logo-exporecerca.jpg\" alt=\"\" width=\"128\" height=\"32\" \/><b> Exporecercs Jove<\/b> je medzin\u00e1rodn\u00e1 v\u00fdstava v\u00fdskumu otvoren\u00e1 verejnosti, ktor\u00e1 sa kon\u00e1 od roku 2000 v Barcelone. Na tejto s\u00fa\u0165a\u017ei prezentuj\u00fa svoje v\u00fdskumn\u00e9 projekty \u017eiaci stredn\u00fdch a vysok\u00fdch \u0161k\u00f4l z cel\u00e9ho sveta. Po\u010das troch dn\u00ed \u00fa\u010dastn\u00edci vystavuj\u00fa svoje projekty v st\u00e1nkoch, kde vysvet\u013euj\u00fa svoj v\u00fdskum n\u00e1v\u0161tevn\u00edkom. Projekty z r\u00f4znych oblast\u00ed, vr\u00e1tane vedy, technol\u00f3gie, umenia, spolo\u010densk\u00fdch vied, s\u00fa v\u00edtan\u00e9. Po\u010das v\u00fdstavy hodnot\u00ed projekty nez\u00e1visl\u00e1 kvalifikovan\u00e1 porota a na z\u00e1vere\u010dnej cerem\u00f3nii sa ude\u013euj\u00fa ceny.<\/p>\n<p>\n<\/div>\n<div class=\"kc-elm kc-css-874385 divider_line\">\n\t<div class=\"divider_inner divider_line1\">\n\t\t\t<\/div>\n<\/div>\n\n<div class=\"kc-elm kc-css-748857 kc-title-wrap \">\n\n\t<h1 class=\"kc_title\">Belgian Science-Expo<\/h1>\n<\/div>\n\n<div class=\"kc-elm kc-css-622188 kc-title-wrap \">\n\n\t<h2 class=\"kc_title\">Brusel, Belgicko<\/h2>\n<\/div>\n<div class=\"kc-elm kc-css-899310 kc_text_block\"><\/p>\n<p><b><img loading=\"lazy\" decoding=\"async\" class=\"alignleft\" src=\"https:\/\/www.festivalvedy.sk\/wp2\/wp-content\/uploads\/2019\/09\/SCIENCE-EXPO_logoBEJSB-1030x277.jpg\" alt=\"logo science expo brusel\" width=\"205\" height=\"74\" \/>Science-Expo <\/b>je n\u00e1rodnou vedeckou s\u00fa\u0165a\u017eou v Belgicku. Z\u00fa\u010dast\u0148uje sa ho 500 mlad\u00fdch \u013eud\u00ed vo veku 12 a\u017e dvadsa\u0165 rokov. Belgick\u00fa s\u00fa\u0165a\u017e organizuje Jeunesses scientifiques de Belgique.<\/p>\n<p>\n<\/div>\n<div class=\"kc-elm kc-css-696192 divider_line\">\n\t<div class=\"divider_inner divider_line1\">\n\t\t\t<\/div>\n<\/div>\n<\/div><\/div><\/div><\/div><\/section><\/p>\n","protected":false},"excerpt":{"rendered":"","protected":false},"author":1,"featured_media":0,"parent":0,"menu_order":0,"comment_status":"closed","ping_status":"closed","template":"","meta":{"om_disable_all_campaigns":false,"_monsterinsights_skip_tracking":false,"_monsterinsights_sitenote_active":false,"_monsterinsights_sitenote_note":"","_monsterinsights_sitenote_category":0,"_uf_show_specific_survey":0,"_uf_disable_surveys":false,"footnotes":""},"class_list":["post-133","page","type-page","status-publish","hentry"],"yoast_head":"<!-- This site is optimized with the Yoast SEO plugin v27.2 - https:\/\/yoast.com\/product\/yoast-seo-wordpress\/ -->\n<title>Cesty v\u00ed\u0165azov do zahrani\u010dia - Festival vedy a techniky AMAVET<\/title>\n<meta name=\"robots\" content=\"index, follow, max-snippet:-1, max-image-preview:large, max-video-preview:-1\" \/>\n<link rel=\"canonical\" href=\"https:\/\/www.festivalvedy.sk\/wp2\/postupy\/\" \/>\n<meta property=\"og:locale\" content=\"sk_SK\" \/>\n<meta property=\"og:type\" content=\"article\" \/>\n<meta property=\"og:title\" content=\"Cesty v\u00ed\u0165azov do zahrani\u010dia - Festival vedy a techniky AMAVET\" \/>\n<meta property=\"og:description\" content=\"Naj\u0161ikovnej\u0161\u00edch mlad\u00fdch ved\u00e1torov ka\u017edoro\u010dne vysielame na n\u00e1rodn\u00e9 a medzin\u00e1rodn\u00e9 s\u00fa\u0165a\u017ee. V\u00ed\u0165azi 28. ro\u010dn\u00edka Festivalu vedy a techniky AMAVET 2025 bud\u00fa nominovan\u00ed na zahrani\u010dn\u00e9 vedeck\u00e9 s\u00fa\u0165a\u017ee, prehliadky a v roku 2026 bud\u00fa reprezentova\u0165 Slovensko na medzin\u00e1rodnej \u00farovni. ISEF USA ISEF (International Science and Engineering Fair) je najv\u00e4\u010d\u0161ia a najprest\u00ed\u017enej\u0161ia medzin\u00e1rodn\u00e1 s\u00fa\u0165a\u017e v oblasti vedy a techniky. [&hellip;]\" \/>\n<meta property=\"og:url\" content=\"https:\/\/www.festivalvedy.sk\/wp2\/postupy\/\" \/>\n<meta property=\"og:site_name\" content=\"Festival vedy a techniky AMAVET\" \/>\n<meta property=\"article:modified_time\" content=\"2025-07-09T08:18:11+00:00\" \/>\n<meta property=\"og:image\" content=\"https:\/\/www.festivalvedy.sk\/wp2\/wp-content\/uploads\/2019\/09\/SSP_logo864x464.jpg\" \/>\n<meta name=\"twitter:card\" content=\"summary_large_image\" \/>\n<meta name=\"twitter:label1\" content=\"Predpokladan\u00fd \u010das \u010d\u00edtania\" \/>\n\t<meta name=\"twitter:data1\" content=\"5 min\u00fat\" \/>\n<script type=\"application\/ld+json\" class=\"yoast-schema-graph\">{\"@context\":\"https:\/\/schema.org\",\"@graph\":[{\"@type\":\"WebPage\",\"@id\":\"https:\/\/www.festivalvedy.sk\/wp2\/postupy\/\",\"url\":\"https:\/\/www.festivalvedy.sk\/wp2\/postupy\/\",\"name\":\"Cesty v\u00ed\u0165azov do zahrani\u010dia - Festival vedy a techniky AMAVET\",\"isPartOf\":{\"@id\":\"https:\/\/www.festivalvedy.sk\/wp2\/#website\"},\"primaryImageOfPage\":{\"@id\":\"https:\/\/www.festivalvedy.sk\/wp2\/postupy\/#primaryimage\"},\"image\":{\"@id\":\"https:\/\/www.festivalvedy.sk\/wp2\/postupy\/#primaryimage\"},\"thumbnailUrl\":\"https:\/\/www.festivalvedy.sk\/wp2\/wp-content\/uploads\/2019\/09\/SSP_logo864x464.jpg\",\"datePublished\":\"2019-09-14T19:41:24+00:00\",\"dateModified\":\"2025-07-09T08:18:11+00:00\",\"breadcrumb\":{\"@id\":\"https:\/\/www.festivalvedy.sk\/wp2\/postupy\/#breadcrumb\"},\"inLanguage\":\"sk-SK\",\"potentialAction\":[{\"@type\":\"ReadAction\",\"target\":[\"https:\/\/www.festivalvedy.sk\/wp2\/postupy\/\"]}]},{\"@type\":\"ImageObject\",\"inLanguage\":\"sk-SK\",\"@id\":\"https:\/\/www.festivalvedy.sk\/wp2\/postupy\/#primaryimage\",\"url\":\"https:\/\/www.festivalvedy.sk\/wp2\/wp-content\/uploads\/2019\/09\/SSP_logo864x464.jpg\",\"contentUrl\":\"https:\/\/www.festivalvedy.sk\/wp2\/wp-content\/uploads\/2019\/09\/SSP_logo864x464.jpg\",\"width\":830,\"height\":464},{\"@type\":\"BreadcrumbList\",\"@id\":\"https:\/\/www.festivalvedy.sk\/wp2\/postupy\/#breadcrumb\",\"itemListElement\":[{\"@type\":\"ListItem\",\"position\":1,\"name\":\"Home\",\"item\":\"https:\/\/www.festivalvedy.sk\/wp2\/\"},{\"@type\":\"ListItem\",\"position\":2,\"name\":\"Cesty v\u00ed\u0165azov do zahrani\u010dia\"}]},{\"@type\":\"WebSite\",\"@id\":\"https:\/\/www.festivalvedy.sk\/wp2\/#website\",\"url\":\"https:\/\/www.festivalvedy.sk\/wp2\/\",\"name\":\"Festival vedy a techniky AMAVET\",\"description\":\"AMAVET - Asoci\u00e1cia pre ml\u00e1de\u017e, vedu a techniku\",\"publisher\":{\"@id\":\"https:\/\/www.festivalvedy.sk\/wp2\/#organization\"},\"potentialAction\":[{\"@type\":\"SearchAction\",\"target\":{\"@type\":\"EntryPoint\",\"urlTemplate\":\"https:\/\/www.festivalvedy.sk\/wp2\/?s={search_term_string}\"},\"query-input\":{\"@type\":\"PropertyValueSpecification\",\"valueRequired\":true,\"valueName\":\"search_term_string\"}}],\"inLanguage\":\"sk-SK\"},{\"@type\":\"Organization\",\"@id\":\"https:\/\/www.festivalvedy.sk\/wp2\/#organization\",\"name\":\"Festival vedy a techniky AMAVET\",\"url\":\"https:\/\/www.festivalvedy.sk\/wp2\/\",\"logo\":{\"@type\":\"ImageObject\",\"inLanguage\":\"sk-SK\",\"@id\":\"https:\/\/www.festivalvedy.sk\/wp2\/#\/schema\/logo\/image\/\",\"url\":\"https:\/\/www.festivalvedy.sk\/wp2\/wp-content\/uploads\/2022\/02\/cropped-fvat-ochranna-zona.png\",\"contentUrl\":\"https:\/\/www.festivalvedy.sk\/wp2\/wp-content\/uploads\/2022\/02\/cropped-fvat-ochranna-zona.png\",\"width\":1190,\"height\":357,\"caption\":\"Festival vedy a techniky AMAVET\"},\"image\":{\"@id\":\"https:\/\/www.festivalvedy.sk\/wp2\/#\/schema\/logo\/image\/\"}}]}<\/script>\n<!-- \/ Yoast SEO plugin. -->","yoast_head_json":{"title":"Cesty v\u00ed\u0165azov do zahrani\u010dia - Festival vedy a techniky AMAVET","robots":{"index":"index","follow":"follow","max-snippet":"max-snippet:-1","max-image-preview":"max-image-preview:large","max-video-preview":"max-video-preview:-1"},"canonical":"https:\/\/www.festivalvedy.sk\/wp2\/postupy\/","og_locale":"sk_SK","og_type":"article","og_title":"Cesty v\u00ed\u0165azov do zahrani\u010dia - Festival vedy a techniky AMAVET","og_description":"Naj\u0161ikovnej\u0161\u00edch mlad\u00fdch ved\u00e1torov ka\u017edoro\u010dne vysielame na n\u00e1rodn\u00e9 a medzin\u00e1rodn\u00e9 s\u00fa\u0165a\u017ee. V\u00ed\u0165azi 28. ro\u010dn\u00edka Festivalu vedy a techniky AMAVET 2025 bud\u00fa nominovan\u00ed na zahrani\u010dn\u00e9 vedeck\u00e9 s\u00fa\u0165a\u017ee, prehliadky a v roku 2026 bud\u00fa reprezentova\u0165 Slovensko na medzin\u00e1rodnej \u00farovni. ISEF USA ISEF (International Science and Engineering Fair) je najv\u00e4\u010d\u0161ia a najprest\u00ed\u017enej\u0161ia medzin\u00e1rodn\u00e1 s\u00fa\u0165a\u017e v oblasti vedy a techniky. [&hellip;]","og_url":"https:\/\/www.festivalvedy.sk\/wp2\/postupy\/","og_site_name":"Festival vedy a techniky AMAVET","article_modified_time":"2025-07-09T08:18:11+00:00","og_image":[{"url":"https:\/\/www.festivalvedy.sk\/wp2\/wp-content\/uploads\/2019\/09\/SSP_logo864x464.jpg","type":"","width":"","height":""}],"twitter_card":"summary_large_image","twitter_misc":{"Predpokladan\u00fd \u010das \u010d\u00edtania":"5 min\u00fat"},"schema":{"@context":"https:\/\/schema.org","@graph":[{"@type":"WebPage","@id":"https:\/\/www.festivalvedy.sk\/wp2\/postupy\/","url":"https:\/\/www.festivalvedy.sk\/wp2\/postupy\/","name":"Cesty v\u00ed\u0165azov do zahrani\u010dia - Festival vedy a techniky AMAVET","isPartOf":{"@id":"https:\/\/www.festivalvedy.sk\/wp2\/#website"},"primaryImageOfPage":{"@id":"https:\/\/www.festivalvedy.sk\/wp2\/postupy\/#primaryimage"},"image":{"@id":"https:\/\/www.festivalvedy.sk\/wp2\/postupy\/#primaryimage"},"thumbnailUrl":"https:\/\/www.festivalvedy.sk\/wp2\/wp-content\/uploads\/2019\/09\/SSP_logo864x464.jpg","datePublished":"2019-09-14T19:41:24+00:00","dateModified":"2025-07-09T08:18:11+00:00","breadcrumb":{"@id":"https:\/\/www.festivalvedy.sk\/wp2\/postupy\/#breadcrumb"},"inLanguage":"sk-SK","potentialAction":[{"@type":"ReadAction","target":["https:\/\/www.festivalvedy.sk\/wp2\/postupy\/"]}]},{"@type":"ImageObject","inLanguage":"sk-SK","@id":"https:\/\/www.festivalvedy.sk\/wp2\/postupy\/#primaryimage","url":"https:\/\/www.festivalvedy.sk\/wp2\/wp-content\/uploads\/2019\/09\/SSP_logo864x464.jpg","contentUrl":"https:\/\/www.festivalvedy.sk\/wp2\/wp-content\/uploads\/2019\/09\/SSP_logo864x464.jpg","width":830,"height":464},{"@type":"BreadcrumbList","@id":"https:\/\/www.festivalvedy.sk\/wp2\/postupy\/#breadcrumb","itemListElement":[{"@type":"ListItem","position":1,"name":"Home","item":"https:\/\/www.festivalvedy.sk\/wp2\/"},{"@type":"ListItem","position":2,"name":"Cesty v\u00ed\u0165azov do zahrani\u010dia"}]},{"@type":"WebSite","@id":"https:\/\/www.festivalvedy.sk\/wp2\/#website","url":"https:\/\/www.festivalvedy.sk\/wp2\/","name":"Festival vedy a techniky AMAVET","description":"AMAVET - Asoci\u00e1cia pre ml\u00e1de\u017e, vedu a techniku","publisher":{"@id":"https:\/\/www.festivalvedy.sk\/wp2\/#organization"},"potentialAction":[{"@type":"SearchAction","target":{"@type":"EntryPoint","urlTemplate":"https:\/\/www.festivalvedy.sk\/wp2\/?s={search_term_string}"},"query-input":{"@type":"PropertyValueSpecification","valueRequired":true,"valueName":"search_term_string"}}],"inLanguage":"sk-SK"},{"@type":"Organization","@id":"https:\/\/www.festivalvedy.sk\/wp2\/#organization","name":"Festival vedy a techniky AMAVET","url":"https:\/\/www.festivalvedy.sk\/wp2\/","logo":{"@type":"ImageObject","inLanguage":"sk-SK","@id":"https:\/\/www.festivalvedy.sk\/wp2\/#\/schema\/logo\/image\/","url":"https:\/\/www.festivalvedy.sk\/wp2\/wp-content\/uploads\/2022\/02\/cropped-fvat-ochranna-zona.png","contentUrl":"https:\/\/www.festivalvedy.sk\/wp2\/wp-content\/uploads\/2022\/02\/cropped-fvat-ochranna-zona.png","width":1190,"height":357,"caption":"Festival vedy a techniky AMAVET"},"image":{"@id":"https:\/\/www.festivalvedy.sk\/wp2\/#\/schema\/logo\/image\/"}}]}},"_links":{"self":[{"href":"https:\/\/www.festivalvedy.sk\/wp2\/wp-json\/wp\/v2\/pages\/133","targetHints":{"allow":["GET"]}}],"collection":[{"href":"https:\/\/www.festivalvedy.sk\/wp2\/wp-json\/wp\/v2\/pages"}],"about":[{"href":"https:\/\/www.festivalvedy.sk\/wp2\/wp-json\/wp\/v2\/types\/page"}],"author":[{"embeddable":true,"href":"https:\/\/www.festivalvedy.sk\/wp2\/wp-json\/wp\/v2\/users\/1"}],"replies":[{"embeddable":true,"href":"https:\/\/www.festivalvedy.sk\/wp2\/wp-json\/wp\/v2\/comments?post=133"}],"version-history":[{"count":6,"href":"https:\/\/www.festivalvedy.sk\/wp2\/wp-json\/wp\/v2\/pages\/133\/revisions"}],"predecessor-version":[{"id":5120,"href":"https:\/\/www.festivalvedy.sk\/wp2\/wp-json\/wp\/v2\/pages\/133\/revisions\/5120"}],"wp:attachment":[{"href":"https:\/\/www.festivalvedy.sk\/wp2\/wp-json\/wp\/v2\/media?parent=133"}],"curies":[{"name":"wp","href":"https:\/\/api.w.org\/{rel}","templated":true}]}}