{"id":3,"date":"2019-09-13T21:05:05","date_gmt":"2019-09-13T19:05:05","guid":{"rendered":"https:\/\/www.festivalvedy.sk\/wp2\/?page_id=3"},"modified":"2019-09-18T13:07:34","modified_gmt":"2019-09-18T11:07:34","slug":"ochrana-sukromia","status":"publish","type":"page","link":"https:\/\/www.festivalvedy.sk\/wp2\/ochrana-sukromia\/","title":{"rendered":"Z\u00e1sady ochrany osobn\u00fdch \u00fadajov"},"content":{"rendered":"<section class=\"kc-elm kc-css-821778 kc_row\"><div class=\"kc-row-container  kc-container\"><div class=\"kc-wrap-columns\"><div class=\"kc-elm kc-css-622493 kc_col-sm-12 kc_column kc_col-sm-12\"><div class=\"kc-col-container\"><div class=\"kc-elm kc_text_block\"><\/p>\n<h1 class=\"wp-block-heading\">Inform\u00e1cie o sprac\u00favan\u00ed a ochrane osobn\u00fdch \u00fadajov<\/h1>\n<p>Asoci\u00e1cia pre ml\u00e1de\u017e, vedu a techniku venuje pozornos\u0165 zabezpe\u010deniu ochrany Va\u0161ich osobn\u00fdch \u00fadajov. Tento dokument, ktor\u00fd ozna\u010dujeme ako \u201eInform\u00e1cie o sprac\u00favan\u00ed a ochrane osobn\u00fdch \u00fadajov\u201c (\u010falej len \u201eInform\u00e1cie\u201c), opisuje, ako pou\u017e\u00edvame osobn\u00e9 \u00fadaje, ktor\u00e9 o V\u00e1s z\u00edskavame a zhroma\u017e\u010fujeme.<\/p>\n<p><strong>POTREBUJETE \u010eAL\u0160IU POMOC?<\/strong><\/p>\n<p>Ak potrebujete s na\u0161imi \u201eInform\u00e1ciami\u201c pom\u00f4c\u0165 alebo m\u00e1te k tomuto dokumentu nejak\u00e9 ot\u00e1zky, kontaktujte n\u00e1s, pros\u00edm na adrese: Asoci\u00e1cia pre ml\u00e1de\u017e, vedu a techniku, Hagarova 4, 831 52 Bratislava alebo elektronicky na adrese amavet[zavinac]amavet.sk<\/p>\n<p>Ak nie ste spokojn\u00ed so sp\u00f4sobom, ktor\u00fdm Va\u0161e osobn\u00e9 \u00fadaje z\u00edskavame, zdie\u013eame alebo pou\u017e\u00edvame, uv\u00edtali by sme, keby ste n\u00e1s o tom informovali. Kontaktova\u0165 n\u00e1s m\u00f4\u017eete na adrese uvedenej vy\u0161\u0161ie. Ak nie ste spokojn\u00ed s na\u0161ou odpove\u010fou, m\u00e1te pr\u00e1vo poda\u0165 s\u0165a\u017enos\u0165 na \u00darade na ochranu osobn\u00fdch \u00fadajov, so s\u00eddlom Hrani\u010dn\u00e1 12, 820 07 Bratislava, tel. \u010d.: +421-2-3231-3220, e-mail:\u00a0<span id=\"cloak07002ea8dea08796bcb79b3d98bd4aa1\"><a href=\"mailto:statny.dozor@pdp.gov.sk\">statny.dozor@pdp.gov.sk<\/a><\/span>.<\/p>\n<p><strong>AK\u00c9 S\u00da VA\u0160E PR\u00c1VA<\/strong><\/p>\n<p>Ni\u017e\u0161ie sme pripravili s\u00fahrn Va\u0161ich pr\u00e1v t\u00fdkaj\u00facich sa ochrany Va\u0161ich osobn\u00fdch \u00fadajov. Podrobn\u00e9 inform\u00e1cie o Va\u0161ich pr\u00e1vach s\u00fa uveden\u00e9 v \u010dasti \u201eVa\u0161e pr\u00e1va t\u00fdkaj\u00face sa ochrany osobn\u00fdch \u00fadajov\u201c.<\/p>\n<p>Pr\u00e1vo na inform\u00e1cie &#8211; M\u00e1te pr\u00e1vo dosta\u0165 jasn\u00e9, transparentn\u00e9 a zrozumite\u013en\u00e9 inform\u00e1cie o tom, ako pou\u017e\u00edvame Va\u0161e osobn\u00e9 \u00fadaje a ak\u00e9 m\u00e1te pr\u00e1va. Preto V\u00e1m poskytujeme tieto Inform\u00e1cie.<\/p>\n<p>Pr\u00e1vo na pr\u00edstup &#8211; M\u00e1te pr\u00e1vo z\u00edska\u0165 pr\u00edstup k Va\u0161im osobn\u00fdm \u00fadajom (ak ich sprac\u00favame) a k ur\u010dit\u00fdm \u010fal\u0161\u00edm inform\u00e1ci\u00e1m o sprac\u00favan\u00ed Va\u0161ich osobn\u00fdch \u00fadajov (podobn\u00fdm t\u00fdm uveden\u00fdm v t\u00fdchto Inform\u00e1ci\u00e1ch). Je tomu tak preto, aby ste si mohli skontrolova\u0165, \u010di Va\u0161e osobn\u00e9 \u00fadaje pou\u017e\u00edvame v s\u00falade s predpismi o ochrane osobn\u00fdch \u00fadajov. Viac inform\u00e1ci\u00ed z\u00edskate v \u010dasti \u201eZ\u00edskanie pr\u00edstupu k Va\u0161im \u00fadajom\u201c.<\/p>\n<p>Pr\u00e1vo na opravu &#8211; M\u00e1te pr\u00e1vo na to, aby Va\u0161e osobn\u00e9 \u00fadaje boli opraven\u00e9, ak nie s\u00fa spr\u00e1vne alebo kompletn\u00e9. Viac inform\u00e1ci\u00ed z\u00edskate v \u010dasti \u201eOprava Va\u0161ich \u00fadajov\u201c.<\/p>\n<p>Pr\u00e1vo na vymazanie &#8211; Toto pr\u00e1vo sa naz\u00fdva tie\u017e ako \u201epr\u00e1vo na zabudnutie\u201d a zjednodu\u0161ene povedan\u00e9 V\u00e1m umo\u017e\u0148uje po\u017eiada\u0165 o vymazanie alebo odstr\u00e1nenie Va\u0161ich osobn\u00fdch \u00fadajov, ak neexistuje presved\u010div\u00fd d\u00f4vod na to, aby sme ich na\u010falej pou\u017e\u00edvali. Nie je to v\u0161ak absol\u00fatne pr\u00e1vo. M\u00f4\u017eeme ma\u0165 pr\u00e1vo alebo povinnos\u0165 uchov\u00e1va\u0165 tak\u00e9to \u00fadaje, napr\u00edklad ak m\u00e1me z\u00e1konn\u00fa povinnos\u0165 tak urobi\u0165 alebo ak m\u00e1me in\u00fd opr\u00e1vnen\u00fd z\u00e1konn\u00fd d\u00f4vod na uchovanie Va\u0161ich \u00fadajov. Viac inform\u00e1ci\u00ed z\u00edskate v \u010dasti \u201eVymazanie Va\u0161ich \u00fadajov\u201c.<\/p>\n<p>Pr\u00e1vo na obmedzenie sprac\u00favania &#8211; V niektor\u00fdch situ\u00e1ci\u00e1ch m\u00e1te pr\u00e1vo \u201eblokova\u0165\u201d alebo obmedzi\u0165 \u010fal\u0161ie pou\u017e\u00edvanie Va\u0161ich osobn\u00fdch \u00fadajov. Ak je sprac\u00favanie obmedzen\u00e9, Va\u0161e osobn\u00e9 \u00fadaje m\u00f4\u017eeme na\u010falej uchov\u00e1va\u0165, ale nesmieme ich \u010falej pou\u017e\u00edva\u0165. Aby sme zabezpe\u010dili re\u0161pektovanie tak\u00fdchto \u017eiadost\u00ed aj do bud\u00facnosti, vedieme si zoznamy \u013eud\u00ed, ktor\u00ed n\u00e1s po\u017eiadali, aby sme \u201eblokovali\u201d \u010fal\u0161ie pou\u017e\u00edvanie ich \u00fadajov. Viac inform\u00e1ci\u00ed z\u00edskate v \u010dasti \u201eObmedzenie sprac\u00favania Va\u0161ich \u00fadajov\u201c.<\/p>\n<p>Pr\u00e1vo na prenosnos\u0165 \u00fadajov &#8211; M\u00e1te pr\u00e1vo z\u00edska\u0165 k\u00f3piu niektor\u00fdch osobn\u00fdch \u00fadajov, ktor\u00e9 sme o V\u00e1s zhroma\u017edili a pou\u017ei\u0165 ju alebo ju zdie\u013ea\u0165 na vlastn\u00e9 \u00fa\u010dely. Viac inform\u00e1ci\u00ed z\u00edskate v \u010dasti \u201ePrenos Va\u0161ich osobn\u00fdch \u00fadajov\u201c.<\/p>\n<p>Pr\u00e1vo na n\u00e1mietky &#8211; M\u00e1te pr\u00e1vo namieta\u0165 vo\u010di niektor\u00fdm druhom sprac\u00favania, vr\u00e1tane sprac\u00favania pre \u00fa\u010dely priameho marketingu (ktor\u00fd rob\u00edme iba s Va\u0161\u00edm s\u00fahlasom). Viac inform\u00e1ci\u00ed z\u00edskate v \u010dasti<\/p>\n<p>\u201ePodanie n\u00e1mietok vo\u010di sprac\u00favaniu\u201c.<\/p>\n<\/p>\n<p><strong>KTO SME?<\/strong><\/p>\n<p>Sme Asoci\u00e1cia pre ml\u00e1de\u017e, vedu a techniku, so s\u00eddlom Hagarova 4, 831 52 Bratislava. Vo vz\u0165ahu k Va\u0161im osobn\u00fdm \u00fadajom bude Asoci\u00e1cia pre ml\u00e1de\u017e, vedu a techniku v poz\u00edcii prev\u00e1dzkovate\u013ea.<\/p>\n<p><strong>AKO V\u00c1S KONTAKTUJEME<\/strong><\/p>\n<p>Kontaktova\u0165 V\u00e1s m\u00f4\u017eeme prostredn\u00edctvom jedn\u00e9ho alebo viacer\u00fdch nasledovn\u00fdch komunika\u010dn\u00fdch kan\u00e1lov: p\u00edsomne, telefonicky alebo e-mailom alebo in\u00fdmi elektronick\u00fdmi prostriedkami.<\/p>\n<p><strong>AK\u00c9 OSOBN\u00c9 \u00daDAJE SPRAC\u00daVAME<\/strong><\/p>\n<p>Kateg\u00f3rie osobn\u00fdch \u00fadajov, ktor\u00e9 sprac\u00favame, zah\u0155\u0148aj\u00fa Va\u0161e:<\/p>\n<p>\u2022 meno a priezvisko \u010dlenov organiz\u00e1cie a \u00fa\u010dastn\u00edkov podujat\u00ed, ktor\u00ed nie s\u00fa \u010dlenmi organiz\u00e1cie<\/p>\n<p>\u2022 d\u00e1tum narodenia \u010dlenov organiz\u00e1cie a \u00fa\u010dastn\u00edkov podujat\u00ed, ktor\u00ed nie s\u00fa \u010dlenmi organiz\u00e1cie<\/p>\n<p>\u2022 adresa trval\u00e9ho bydliska \u010dlenov organiz\u00e1cie a \u00fa\u010dastn\u00edkov podujat\u00ed, ktor\u00ed nie s\u00fa \u010dlenmi organiz\u00e1cie<\/p>\n<p>\u2022 kontaktn\u00e9 \u00fadaje, vr\u00e1tane e-mailovej\u00a0 adresy a telef\u00f3nnych\u00a0 \u010d\u00edsel, \u010dlenov organiz\u00e1cie\u00a0 a \u00fa\u010dastn\u00edkov podujat\u00ed, ktor\u00ed nie s\u00fa \u010dlenmi organiz\u00e1cie<\/p>\n<p>\u2022 meno a priezvisko a kontaktn\u00e9 \u00fadaje z\u00e1konn\u00e9ho z\u00e1stupcu osoby mlad\u0161ej ako 18 rokov, ktor\u00e1 je \u010dlenom organiz\u00e1cie alebo \u00fa\u010dastn\u00edkov podujatia, ktor\u00e9 organiz\u00e1cia organizuje<\/p>\n<p>\u2022 \u00fadaje o zdrav\u00ed \u010dlenov organiz\u00e1cie a \u00fa\u010dastn\u00edkov podujatia v rozsahu nevyhnutnom na zabezpe\u010denie ochrany zdravia a \u017eivota \u010dlenov organiz\u00e1cie a \u00fa\u010dastn\u00edkov podujat\u00ed po\u010das konania podujatia organizovan\u00e9ho organiz\u00e1ciou.<\/p>\n<p><strong>AKO OSOBN\u00c9 \u00daDAJE Z\u00cdSKAVAME<\/strong><\/p>\n<p>To, \u010do o V\u00e1s vieme, n\u00e1m poskytujete Vy sami pri prvom kontakte a v priebehu \u010dlenstva v organiz\u00e1cii alebo pred a po\u010das \u00fa\u010dasti na podujat\u00ed. Va\u0161e osobn\u00e9 \u00fadaje n\u00e1m poskytujete pri p\u00edsomnej alebo elektronickej registr\u00e1ci\u00ed za \u010dlena organiz\u00e1cie alebo pri registr\u00e1ci\u00ed na podujatie organizovan\u00e9 organiz\u00e1ciou.<\/p>\n<p><strong>AKO VA\u0160E OSOBN\u00c9 \u00daDAJE VYU\u017d\u00cdVAME<\/strong><\/p>\n<p>Va\u0161e osobn\u00e9 \u00fadaje vyu\u017e\u00edvame na:<\/p>\n<p>\u2022 evidenciu \u010dlenov organiz\u00e1cie<\/p>\n<p>\u2022 evidenciu \u00fa\u010dastn\u00edkov podujat\u00ed organizovan\u00fdch organiz\u00e1ciou<\/p>\n<p>\u2022 na zabezpe\u010denie ochrany zdravia a \u017eivota \u00fa\u010dastn\u00edkov podujat\u00ed organizovan\u00fdch organiz\u00e1ciou<\/p>\n<p>\u2022 poskytovanie inform\u00e1ci\u00ed o \u010dinnosti organiz\u00e1cie, o pl\u00e1novan\u00fdch aktivit\u00e1ch a podujatiach<\/p>\n<p>\u2022 evidenciu dobrovo\u013en\u00edkov spolupracuj\u00facich s organiz\u00e1ciou<\/p>\n<p>\u2022 na preukazovanie po\u010dtu \u010dlenov pre Ministerstvo \u0161kolstva, vedy, v\u00fdskumu a \u0161portu SR a Iuventu \u2013 Slovensk\u00fd in\u0161tit\u00fat ml\u00e1de\u017ee za \u00fa\u010delom \u010derpania dot\u00e1cie na podporu pr\u00e1ce s ml\u00e1de\u017eou<\/p>\n<p>\u2022 na preukazovanie uskuto\u010dnenia podujat\u00ed organizovan\u00fdch organiz\u00e1ciou donorom \u2013 Ministerstvu \u0161kolstva, vedy, v\u00fdskumu a \u0161portu SR, Iuvente \u2013 Slovensk\u00e9mu in\u0161tit\u00fatu ml\u00e1de\u017ee, a in\u00ed&#8230;<\/p>\n<p>\u2022 komunik\u00e1ciu s Vami;<\/p>\n<p>\u2022 anal\u00fdzu, hodnotenie a zlep\u0161ovanie na\u0161ej \u010dinnosti a na\u0161ich podujat\u00ed;<\/p>\n<p>\u2022 rie\u0161enie Va\u0161ich s\u0165a\u017enost\u00ed.<\/p>\n<\/p>\n<p><strong>PR\u00c1VNY Z\u00c1KLAD SPRAC\u00daVANIA OSOBN\u00ddCH \u00daDAJOV<\/strong><\/p>\n<p>Pr\u00e1vny z\u00e1klad n\u00e1\u0161ho sprac\u00favania osobn\u00fdch \u00fadajov z\u00e1vis\u00ed od \u00fa\u010delu, pre ktor\u00fd Va\u0161e \u00fadaje sprac\u00favame. Va\u0161e \u00fadaje sprac\u00favame na z\u00e1klade t\u00fdchto pr\u00e1vnych z\u00e1kladov:<\/p>\n<p>\u2022 evidencia aktu\u00e1lnych \u010dlenov organiz\u00e1cie \u2013 z\u00e1kon \u010d. 83\/1990 Zb. o zdru\u017eovan\u00ed ob\u010danov stanovuje povinnos\u0165 vies\u0165 evidenciu \u010dlenov zdru\u017eenia;<\/p>\n<p>\u2022 evidencia \u00fa\u010dastn\u00edkov podujat\u00ed (pod\u013ea pokynov donora, ktor\u00e9mu preukazujeme uskuto\u010dnenie aktivity) \u2013 existuje opr\u00e1vnen\u00fd z\u00e1ujem organiz\u00e1cie zbiera\u0165 tieto \u00fadaje s cie\u013eom deklarova\u0165 donorovi realiz\u00e1ciu podujatia a preukazova\u0165, \u017ee sa na podujat\u00ed z\u00fa\u010dastnili konkr\u00e9tne osoby. Cie\u013eom je z\u00edska\u0165 financie na \u010dinnos\u0165 organiz\u00e1cie;<\/p>\n<p>\u2022 inform\u00e1cie o zdravotnom stave \u00fa\u010dastn\u00edkov pobytov\u00fdch podujat\u00ed (ide o inform\u00e1cie o alergi\u00e1ch na potraviny a lieky, chronick\u00e9 ochorenia a pravidelne u\u017e\u00edvan\u00e9 lieky) zbierame pre<\/p>\n<p>zabezpe\u010denie ochrany \u017eivota a zdravia samotn\u00fdch \u00fa\u010dastn\u00edkov podujat\u00ed;<\/p>\n<p>\u2022 evidencia dobrovo\u013en\u00edkov, ak nie s\u00fa \u010dlenmi organiz\u00e1cie s\u00favis\u00ed s plnen\u00edm \u00faloh pod\u013ea z\u00e1kona \u010d. 282\/2008 Z. z. o podpore pr\u00e1ce s ml\u00e1de\u017eou, ktor\u00fd organiz\u00e1cii stanovuje ur\u010dit\u00e9 povinnosti vo vz\u0165ahu k dobrovo\u013en\u00edkom, ktor\u00e9 nie sme schopn\u00ed splni\u0165 bez zberu ich \u00fadajov (napr\u00edklad pre vystavenie potvrdenia o dobrovo\u013en\u00edckej \u010dinnosti, apod.);<\/p>\n<p>\u2022 Emailov\u00e9 adresy, na ktor\u00e9 posielate newsletter a in\u00e9 pravideln\u00e9 inform\u00e1cie o \u010dinnosti<\/p>\n<p>organiz\u00e1cie sprac\u00favame na z\u00e1klade vopred udelen\u00e9ho s\u00fahlasu \u010dlena organiz\u00e1cie, \u00fa\u010dastn\u00edka podujatia, z\u00e1konn\u00e9ho z\u00e1stupcu \u010dlena organiz\u00e1cie alebo \u00fa\u010dastn\u00edka podujatia, dobrovo\u013en\u00edka \u010di inej osoby, ktor\u00e1 sa na odoberanie newslettera prihl\u00e1si prostredn\u00edctvom webstr\u00e1nky<\/p>\n<p>organiz\u00e1cie.<\/p>\n<p>\u2022 evidencia b\u00fdval\u00fdch \u010dlenov organiz\u00e1cie a evidencia \u00fa\u010dastn\u00edkov podujat\u00ed z predch\u00e1dzaj\u00facich rokov \u2013 vedieme ju len v pr\u00edpade, \u017ee existuje opr\u00e1vnen\u00fd z\u00e1ujem organiz\u00e1cie na preukazovan\u00ed po\u010dtu \u010dlenov organiz\u00e1cie a \u00fa\u010dastn\u00edkov podujat\u00ed organiz\u00e1cie. Ministerstvo \u0161kolstva, vedy,<\/p>\n<p>v\u00fdskum a \u0161portu SR a Iuventa \u2013 Slovensk\u00e9mu in\u0161tit\u00fatu ml\u00e1de\u017ee, pr\u00edpadne in\u00fd donor n\u00e1s zaviazal v zmluve o poskytovan\u00ed finan\u010dnej podpory na\u0161ich \u010dinnost\u00ed a existencie, aby sme uchov\u00e1vali star\u0161ie \u00fadaje o \u010dlenoch organiz\u00e1cie a \u00fa\u010dastn\u00edkoch podujat\u00ed pre sp\u00e4tn\u00fa kontrolu<\/p>\n<p>\u010derpania finan\u010dn\u00fdch prostriedkov. V pr\u00edpade, \u017ee by sme \u00fadaje nimi po\u017eadovan\u00e9 neuchov\u00e1vali v stanovenej dobe, hrozilo by, \u017ee by sme museli vr\u00e1ti\u0165 finan\u010dn\u00e9 prostriedky poskytnut\u00e9 dan\u00fdm donorom. Z tohto d\u00f4vodu existuje opr\u00e1vnen\u00fd z\u00e1ujem organiz\u00e1cie na uchov\u00e1van\u00ed<\/p>\n<p>t\u00fdchto \u00fadajov po dobu stanoven\u00fa v pr\u00edslu\u0161n\u00fdch zmluv\u00e1ch o poskytnut\u00ed finan\u010dn\u00fdch<\/p>\n<p>prostriedkov. Doba uchov\u00e1vania t\u00fdchto star\u0161\u00edch \u00fadajov b\u00fdva zv\u00e4\u010d\u0161a od 5 do 10 rokov. Po uplynut\u00ed tejto doby v\u017edy prehodnocujeme, \u010di je potrebn\u00e9 \u00fadaje \u010falej uchov\u00e1va\u0165 a v pr\u00edpade, \u017ee vyhodnot\u00edme, \u017ee to u\u017e nie je potrebn\u00e9, prestaneme sprac\u00fava\u0165 tieto osobn\u00e9 \u00fadaje.<\/p>\n<p>Ak ste n\u00e1m poskytli s\u00fahlas (ktor\u00fd m\u00f4\u017eete v\u017edy odvola\u0165), budeme niektor\u00e9 Va\u0161e osobn\u00e9 \u00fadaje pou\u017e\u00edva\u0165 na to, aby sme V\u00e1m poskytli inform\u00e1cie o na\u0161ej \u010dinnosti a podujatiach, ktor\u00e9 by V\u00e1s mohli zauj\u00edma\u0165. V\u017edy V\u00e1s budeme \u017eiada\u0165 o s\u00fahlas so sprac\u00favan\u00edm osobn\u00fdch \u00fadajov v t\u00fdch pr\u00edpadoch, v ktor\u00fdch m\u00e1me z\u00e1konn\u00fa povinnos\u0165 tak urobi\u0165.<\/p>\n<p><strong>KOMU POSKYTUJEME VA\u0160E OSOBN\u00c9 \u00daDAJE<\/strong><\/p>\n<p>Va\u0161e osobn\u00e9 \u00fadaje m\u00f4\u017eeme pou\u017e\u00edva\u0165 a zdie\u013ea\u0165 s in\u00fdmi subjektmi, ktor\u00e9 n\u00e1m poskytuj\u00fa finan\u010dn\u00e9 prostriedky na na\u0161u \u010dinnos\u0165 a podujatia, najm\u00e4<\/p>\n<p>\u2022 Ministerstvo \u0161kolstva, vedy, v\u00fdskumu a \u0161portu SR<\/p>\n<p>\u2022 Iuventa \u2013 Slovensk\u00fd in\u0161tit\u00fat ml\u00e1de\u017ee<\/p>\n<p>\u2022 spolo\u010dnostiam, ktor\u00e9 spracuj\u00fa na\u0161e IT syst\u00e9my<\/p>\n<p>\u2022 zdravotn\u00edkom v pr\u00edpade, \u017ee je potrebn\u00e9 v\u00e1m po\u010das konania podujatia zabezpe\u010di\u0165 zdravotn\u00fa starostlivos\u0165<\/p>\n<p>\u2022 donorom<\/p>\n<p><strong>AKO CHR\u00c1NIME VA\u0160E OSOBN\u00c9 \u00daDAJE<\/strong><\/p>\n<p>Bezpe\u010dnos\u0165 a d\u00f4vernos\u0165 Va\u0161ich osobn\u00fdch \u00fadajov je pre n\u00e1s mimoriadne d\u00f4le\u017eit\u00e1. M\u00e1me zaveden\u00e9 technick\u00e9, administrat\u00edvne a fyzick\u00e9 ochrann\u00e9 opatrenia, ktor\u00e9:<\/p>\n<p>\u2022 chr\u00e1nia Va\u0161e osobn\u00e9 \u00fadaje pred neopr\u00e1vnen\u00fdm pr\u00edstupom a zneu\u017eit\u00edm;<\/p>\n<p>\u2022 zabezpe\u010duj\u00fa na\u0161e IT syst\u00e9my a chr\u00e1nia inform\u00e1cie v nich; a<\/p>\n<p>\u2022 zabezpe\u010duj\u00fa, \u017ee Va\u0161e \u00fadaje budeme m\u00f4c\u0165 obnovi\u0165 v situ\u00e1ci\u00e1ch, ke\u010f by sa po\u0161kodili alebo stratili.<\/p>\n<p>Kde je to vhodn\u00e9, pou\u017e\u00edvame \u0161ifrovanie alebo in\u00e9 bezpe\u010dnostn\u00e9 opatrenia, ktor\u00e9 uzn\u00e1me za primeran\u00e9, aby sme ochr\u00e1nili Va\u0161e \u00fadaje. Tie\u017e pravidelne prehodnocujeme na\u0161e bezpe\u010dnostn\u00e9 postupy, aby sme zv\u00e1\u017eili, \u010di je vhodn\u00e9 zavedenie novej technol\u00f3gie alebo aktualiz\u00e1cia postupov. Aj napriek na\u0161ej snahe v\u0161ak \u017eiadne bezpe\u010dnostn\u00e9 opatrenie nie je dokonal\u00e9 alebo neprekonate\u013en\u00e9.<\/p>\n<p><strong>Newsletter<\/strong><\/p>\n<p>Pravidelne V\u00e1m\u00a0 posielame\u00a0 na\u00a0 Va\u0161e\u00a0 emailov\u00e9\u00a0 adresy\u00a0 newsletter\u00a0 o \u010dinnosti\u00a0 organiz\u00e1cie\u00a0 a pripravovan\u00fdch podujatiach, \u010falej V\u00e1m zasielame pozv\u00e1nky na podujatia a in\u00e9 ponuky, ktor\u00e9 by V\u00e1s mohli zauj\u00edma\u0165 a s\u00favisia s \u010dinnos\u0165ou na\u0161ej organiz\u00e1cie alebo jej partnersk\u00fdmi organiz\u00e1ciami. Ak by ste viac nechceli od n\u00e1s dost\u00e1va\u0165 inform\u00e1cie, pon\u00fakame V\u00e1m jednoduch\u00e9 sp\u00f4soby ukon\u010denia ich zasielania. V\u017edy, ke\u010f dostanete v r\u00e1mci nejak\u00fa spr\u00e1vu, bude tam uveden\u00e1 aj inform\u00e1cia o mo\u017enosti odhl\u00e1senia sa z \u010fal\u0161ieho odberu a ozn\u00e1mite n\u00e1m, aby sme V\u00e1m prestali zasiela\u0165 \u010fal\u0161ie spr\u00e1vy. Ak ste pri registr\u00e1cii na na\u0161ej webovej str\u00e1nke s\u00fahlasili s dost\u00e1van\u00edm informa\u010dn\u00fdch spr\u00e1v, m\u00f4\u017eete n\u00e1m kedyko\u013evek ozn\u00e1mi\u0165, ak si ich u\u017e ne\u017eel\u00e1te viac dost\u00e1va\u0165, sta\u010d\u00ed zasla\u0165 Va\u0161e cel\u00e9 meno a ostatn\u00e9 kontaktn\u00e9 \u00fadaje elektronicky na adresu amavet[zavinac]amavet.sk.<\/p>\n<p><strong>AKO DLHO UCHOV\u00c1VAME VA\u0160E \u00daDAJE<\/strong><\/p>\n<p>Na\u0161e vn\u00fatorn\u00e9 predpisy t\u00fdkaj\u00face sa uchov\u00e1vania osobn\u00fdch \u00fadajov s\u00fa v s\u00falade so v\u0161etk\u00fdmi pr\u00edslu\u0161n\u00fdmi predpismi o ochrane osobn\u00fdch \u00fadajov a s\u00fakromia, ktor\u00e9 sa na n\u00e1s vz\u0165ahuj\u00fa. Stanovuj\u00fa dobu, po\u010das ktorej m\u00f4\u017eeme uchov\u00e1va\u0165 r\u00f4zne druhy \u00fadajov a s\u00fa pravidelne prehodnocovan\u00e9. \u00dadaje, ktor\u00e9 pod\u013ea \u010dasov\u00fdch limitov stanoven\u00fdch v na\u0161ich predpisoch u\u017e viac nepotrebujeme, zlikvidujeme bezpe\u010dn\u00fdm a spo\u013eahliv\u00fdm sp\u00f4sobom.<\/p>\n<p><strong>AKO SA DOZVIETE, \u017dE SME UPRAVILI TIETO INFORM\u00c1CIE<\/strong><\/p>\n<p>Tieto Inform\u00e1cie m\u00f4\u017eeme kedyko\u013evek upravi\u0165. Ak vykon\u00e1me ak\u00e9ko\u013evek podstatn\u00e9 zmeny t\u00fdkaj\u00face sa sp\u00f4sobu zhroma\u017e\u010fovania Va\u0161ich osobn\u00fdch \u00fadajov, alebo sp\u00f4sobu ich pou\u017eitia alebo zdie\u013eania, budeme o t\u00fdchto zmen\u00e1ch bezodkladne informova\u0165 na webov\u00fdch str\u00e1nkach uveden\u00fdch v t\u00fdchto Inform\u00e1ci\u00e1ch.<\/p>\n<p>VA\u0160E PR\u00c1VA T\u00ddKAJ\u00daCE SA OCHRANY OSOBN\u00ddCH \u00daDAJOV<\/p>\n<p>V tejto \u010dasti s\u00fa podrobnej\u0161ie vysvetlen\u00e9 Va\u0161e pr\u00e1va t\u00fdkaj\u00face sa Va\u0161ich osobn\u00fdch \u00fadajov. Jednotliv\u00e9 pr\u00e1va nie s\u00fa absol\u00fatne a podliehaj\u00fa ur\u010dit\u00fdm v\u00fdnimk\u00e1m alebo obmedzeniam. \u010eal\u0161ie inform\u00e1cie ako aj poradenstvo o osobn\u00fdch \u00fadajoch a Va\u0161ich pr\u00e1vach m\u00f4\u017eete z\u00edska\u0165 na \u00darade na ochranu osobn\u00fdch \u00fadajov, so s\u00eddlom Hrani\u010dn\u00e1 12, 820 07 Bratislava, tel. \u010d.: +421-2-3231-3220, e-mail:\u00a0<span id=\"cloakc577b1fac18e7be0ad15dc6e02e1e4a7\"><a href=\"mailto:statny.dozor@pdp.gov.sk\">statny.dozor@pdp.gov.sk<\/a><\/span>\u00a0a na jeho webovom s\u00eddle: www.dataprotection.gov.sk.<\/p>\n<p>M\u00e1te pr\u00e1vo bezplatne z\u00edska\u0165 svoje osobn\u00e9 \u00fadaje, s v\u00fdnimkou nasleduj\u00facich pr\u00edpadov, kedy si m\u00f4\u017eeme \u00fa\u010dtova\u0165 primeran\u00fd poplatok na pokrytie na\u0161ich administrat\u00edvnych n\u00e1kladov spojen\u00fdch s poskytnut\u00edm osobn\u00fdch \u00fadajov:<\/p>\n<p>\u2022 zjavne neopodstatnen\u00e9 alebo neprimeran\u00e9 \/opakovan\u00e9 \u017eiadosti, alebo<\/p>\n<p>\u2022 \u010fal\u0161ie k\u00f3pie rovnak\u00fdch \u00fadajov.<\/p>\n<p>Tak\u00e9to \u017eiadosti m\u00e1me tie\u017e pr\u00e1vo odmietnu\u0165. Va\u0161u \u017eiados\u0165 pred podan\u00edm d\u00f4sledne zv\u00e1\u017ete. Odpovieme ihne\u010f, ako to bude mo\u017en\u00e9. Vo v\u0161eobecnosti to bude do jedn\u00e9ho mesiaca od prijatia \u017eiadosti a Va\u0161ej \u00faspe\u0161nej identifik\u00e1cie, ale ak n\u00e1m vybavenie \u017eiadosti bude trva\u0165 dlh\u0161ie, budeme V\u00e1s o tom informova\u0165. Aby ste si mohli uplatni\u0165 ktor\u00e9ko\u013evek z ni\u017e\u0161ie uveden\u00fdch pr\u00e1v, kontaktujte n\u00e1s na AMAVET, Hagarova 4, 831 52 Bratislava alebo elektronicky na adrese amavet[zavinac]amavet.sk.<\/p>\n<p><strong>Z\u00cdSKANIE PR\u00cdSTUPU K VA\u0160IM \u00daDAJOM<\/strong><\/p>\n<p>K \u010domu si m\u00f4\u017eete vy\u017eiada\u0165 pr\u00edstup<\/p>\n<p>M\u00e1te pr\u00e1vo na:<\/p>\n<p>\u2022 potvrdenie, \u017ee sprac\u00favame Va\u0161e osobn\u00e9 \u00fadaje;<\/p>\n<p>\u2022 pr\u00edstup k Va\u0161im osobn\u00fdm \u00fadajom; a<\/p>\n<p>\u2022 \u010fal\u0161ie inform\u00e1cie o sprac\u00favan\u00ed Va\u0161ich osobn\u00fdch \u00fadajov (v\u00e4\u010d\u0161ina z nich je pravdepodobne u\u017e uveden\u00e1 v t\u00fdchto Inform\u00e1ci\u00e1ch).<\/p>\n<p>M\u00f4\u017eete si vy\u017eiada\u0165 k\u00f3pie listinn\u00fdch alebo elektronick\u00fdch z\u00e1znamov, ktor\u00e9 o V\u00e1s sprac\u00favame, zdie\u013eame alebo pou\u017e\u00edvame. Aby sme Va\u0161ej \u017eiadosti vyhoveli, m\u00f4\u017eeme V\u00e1s po\u017eiada\u0165 o preuk\u00e1zanie Va\u0161ej toto\u017enosti a o osobn\u00e9 \u00fadaje, ktor\u00e9 n\u00e1m pom\u00f4\u017eu n\u00e1js\u0165 osobn\u00e9 \u00fadaje, o ktor\u00e9 \u017eiadate.<\/p>\n<p>Kedy V\u00e1m pr\u00edstup nebude umo\u017enen\u00fd<\/p>\n<p>M\u00f4\u017eeme V\u00e1m poskytn\u00fa\u0165 iba Va\u0161e \u00fadaje, no nie osobn\u00e9 \u00fadaje in\u00fdch os\u00f4b. Taktie\u017e v pr\u00edpadoch, kedy by pr\u00edstup nepriaznivo ovplyvnil pr\u00e1va inej osoby, nem\u00e1me povinnos\u0165 V\u00e1m tak\u00fdto pr\u00edstup umo\u017eni\u0165. Vo Va\u0161ej \u017eiadosti o pr\u00edstup zrozumite\u013ene ozna\u010dte tie osobn\u00e9 \u00fadaje, ku ktor\u00fdm \u017eiadate pr\u00edstup. Ak sa vyskytn\u00fa pochybnosti, m\u00f4\u017eeme V\u00e1s kontaktova\u0165 so \u017eiados\u0165ou, aby ste spresnili \u00fadaje, ktor\u00e9 po\u017eadujete.<\/p>\n<p><strong>OPRAVA VA\u0160ICH \u00daDAJOV<\/strong><\/p>\n<p>M\u00e1te pr\u00e1vo na to, aby sme bez zbyto\u010dn\u00e9ho odkladu opravili nespr\u00e1vne osobn\u00e9 \u00fadaje, ktor\u00e9 sa V\u00e1s t\u00fdkaj\u00fa. Ak n\u00e1m ozn\u00e1mite, \u017ee nami zhroma\u017eden\u00e9 osobn\u00e9 \u00fadaje o V\u00e1s s\u00fa nespr\u00e1vne, pos\u00fadime ich a ak dospejeme k tomu ist\u00e9mu z\u00e1veru, oprav\u00edme na\u0161e z\u00e1znamy. Ak s Vami nes\u00fahlas\u00edme, ozn\u00e1mime V\u00e1m to. Ak si \u017eel\u00e1te, m\u00f4\u017eete n\u00e1m p\u00edsomne ozn\u00e1mi\u0165, \u017ee na\u0161e z\u00e1znamy st\u00e1le pova\u017eujete za nespr\u00e1vne a toto Va\u0161e stanovisko pripoj\u00edme k Va\u0161im osobn\u00fdm \u00fadajom v\u017edy, ke\u010f ich budeme poskytova\u0165 subjektom mimo organiz\u00e1cie.<\/p>\n<p>M\u00e1te tie\u017e pr\u00e1vo na doplnenie ne\u00fapln\u00fdch osobn\u00fdch \u00fadajov, vr\u00e1tane poskytnutia prostredn\u00edctvom doplnkov\u00e9ho vyhl\u00e1senia. \u010ci to v pr\u00edslu\u0161nom pr\u00edpade bude mo\u017en\u00e9, bude z\u00e1visie\u0165 od toho, pre ak\u00e9 \u00fa\u010dely s\u00fa Va\u0161e osobn\u00e9 \u00fadaje sprac\u00favan\u00e9. Ak\u00fdmko\u013evek tret\u00edm stran\u00e1m, s ktor\u00fdmi sme zdie\u013eali Va\u0161e osobn\u00e9 \u00fadaje (vi\u010f \u201eKomu poskytujeme Va\u0161e osobn\u00e9 \u00fadaje?\u201d), budeme musie\u0165 ozn\u00e1mi\u0165, \u017ee ste po\u017eiadali o opravu.<\/p>\n<p>Ako si m\u00f4\u017eete pozrie\u0165 a opravi\u0165 Va\u0161e \u00fadaje<\/p>\n<p>Ak n\u00e1s o to p\u00edsomne po\u017eiadate, spravidla V\u00e1m umo\u017en\u00edme pozrie\u0165 si osobn\u00e9 \u00fadaje, ktor\u00e9 o V\u00e1s sprac\u00favame, alebo podnikneme kroky na opravu nespr\u00e1vnych \u00fadajov.<\/p>\n<p><strong>VYMAZANIE VA\u0160ICH \u00daDAJOV<\/strong><\/p>\n<p>Kedy m\u00f4\u017eete po\u017eiada\u0165 o vymazanie<\/p>\n<p>S v\u00fdnimkami uveden\u00fdmi v \u010dasti \u201eKedy m\u00f4\u017eeme zamietnu\u0165 \u017eiados\u0165 o vymazanie?\u201d m\u00e1te pr\u00e1vo na vymazanie Va\u0161ich osobn\u00fdch \u00fadajov a zabr\u00e1nenie ich \u010fal\u0161iemu sprac\u00favaniu, a to v pr\u00edpadoch, kedy:<\/p>\n<p>\u2022 osobn\u00e9 \u00fadaje u\u017e nie s\u00fa viac potrebn\u00e9 pre \u00fa\u010dely, na ktor\u00e9 boli p\u00f4vodne z\u00edskan\u00e9\/sprac\u00favan\u00e9;<\/p>\n<p>\u2022 odvol\u00e1te s\u00fahlas (ak ste n\u00e1m ho predt\u00fdm udelili a bol na sprac\u00favanie tak\u00fdch \u00fadajov potrebn\u00fd);<\/p>\n<p>\u2022 pod\u00e1te n\u00e1mietku vo\u010di sprac\u00favaniu a n\u00e1\u0161 opr\u00e1vnen\u00fd z\u00e1ujem t\u00fdkaj\u00faci sa mo\u017enosti \u010falej sprac\u00fava\u0165 Va\u0161e \u00fadaje nebude ma\u0165 prednos\u0165;<\/p>\n<p>\u2022 sme sprac\u00favali Va\u0161e osobn\u00e9 \u00fadaje v rozpore s pr\u00e1vnymi predpismi o ochrane osobn\u00fdch \u00fadajov;<\/p>\n<p>\u2022 osobn\u00e9 \u00fadaje musia by\u0165 vymazan\u00e9, aby sa splnila z\u00e1konn\u00e1 povinnos\u0165.<\/p>\n<p>Kedy m\u00f4\u017eeme zamietnu\u0165 \u017eiados\u0165 o vymazanie<\/p>\n<p>Pr\u00e1vo na vymazanie sa nevz\u0165ahuje na tie pr\u00edpady, ke\u010f s\u00fa Va\u0161e \u00fadaje sprac\u00favan\u00e9 na ur\u010dit\u00e9 konkr\u00e9tne \u00fa\u010dely, vr\u00e1tane uplatnenia alebo obhajoby pr\u00e1vnych n\u00e1rokov alebo plnenia zmluvy o poskytnut\u00ed veterin\u00e1rnej starostlivosti. Vymaza\u0165 m\u00f4\u017eeme \u00fadaje poskytnut\u00e9 na marketingov\u00e9 \u00fa\u010dely (v pr\u00edpade, \u017ee ste s t\u00fdmto \u00fa\u010delom s\u00fahlasili).<\/p>\n<p><strong>OBMEDZENIE SPRAC\u00daVANIA VA\u0160ICH \u00daDAJOV<\/strong><\/p>\n<p>Kedy je mo\u017en\u00e9 obmedzi\u0165 sprac\u00favanie<\/p>\n<p>M\u00e1te pr\u00e1vo na obmedzenie sprac\u00favania Va\u0161ich osobn\u00fdch \u00fadajov:<\/p>\n<p>\u2022 ak nes\u00fahlas\u00edte so spr\u00e1vnos\u0165ou \u00fadajov. Sprac\u00favanie mus\u00edme n\u00e1sledne obmedzi\u0165, pokia\u013e si neover\u00edme spr\u00e1vnos\u0165 dan\u00fdch \u00fadajov;<\/p>\n<p>\u2022 ak je sprac\u00favanie protiz\u00e1konn\u00e9 a Vy m\u00e1te v\u00fdhrady vo\u010di vymazaniu a namiesto toho \u017eiadate o obmedzenie sprac\u00favania;<\/p>\n<p>\u2022 ak ste namietali vo\u010di sprac\u00favaniu, ku ktor\u00e9mu doch\u00e1dza na \u00fa\u010dely na\u0161ich opr\u00e1vnen\u00fdch z\u00e1ujmov v zmysle odseku \u201eOpr\u00e1vnen\u00e9 z\u00e1ujmy\u201c v \u010dasti \u201ePodanie n\u00e1mietok vo\u010di sprac\u00favaniu\u201d a my zva\u017eujeme, \u010di maj\u00fa tieto z\u00e1ujmy prednos\u0165.<\/p>\n<p>Mus\u00edme informova\u0165 ostatn\u00fdch pr\u00edjemcov Va\u0161ich osobn\u00fdch \u00fadajov o obmedzen\u00ed sprac\u00favania?<\/p>\n<p>Ak sme Va\u0161e pr\u00edslu\u0161n\u00e9 osobn\u00e9 \u00fadaje poskytli tret\u00edm stran\u00e1m, mus\u00edme ich o obmedzen\u00ed informova\u0165, aby Va\u0161e \u00fadaje \u010falej nesprac\u00favali. Podnikneme pre tento \u00fa\u010del pr\u00edslu\u0161n\u00e9 kroky. Ak sa rozhodneme obmedzenie sprac\u00favania zru\u0161i\u0165, ozn\u00e1mime V\u00e1m to.<\/p>\n<p><strong>PRENOS VA\u0160ICH OSOBN\u00ddCH \u00daDAJOV<\/strong><\/p>\n<p>Kedy sa m\u00f4\u017ee uplatni\u0165 pr\u00e1vo na prenosnos\u0165 \u00fadajov?<\/p>\n<p>Pr\u00e1vo na prenosnos\u0165 \u00fadajov sa vz\u0165ahuje len na:<\/p>\n<p>\u2022 osobn\u00e9 \u00fadaje, ktor\u00e9 ste n\u00e1m poskytli (t.j. \u017eiadne in\u00e9 \u00fadaje);<\/p>\n<p>\u2022 pr\u00edpady, kedy je sprac\u00favanie zalo\u017een\u00e9 na Va\u0161om s\u00fahlase alebo pre plnenie zmluvy; a<\/p>\n<p>\u2022 z\u00e1rove\u0148 doch\u00e1dza k sprac\u00favaniu automatizovan\u00fdmi prostriedkami.<\/p>\n<p>Kedy m\u00f4\u017eeme zamietnu\u0165 \u017eiados\u0165 o prenos \u00fadajov?<\/p>\n<p>Va\u0161u \u017eiados\u0165 o prenos \u00fadajov m\u00f4\u017eeme zamietnu\u0165, ak ich sprac\u00favanie v danom pr\u00edpade nesp\u013a\u0148a hore uveden\u00e9 krit\u00e9ri\u00e1. Osobn\u00e9 \u00fadaje V\u00e1m nebudeme m\u00f4c\u0165 poskytn\u00fa\u0165 tie\u017e v pr\u00edpadoch, kedy sa t\u00fdkaj\u00fa viacer\u00fdch os\u00f4b a ich poskytnut\u00edm by boli dotknut\u00e9 pr\u00e1va t\u00fdchto os\u00f4b.<\/p>\n<p><strong>PODANIE N\u00c1MIETOK VO\u010cI SPRAC\u00daVANIU<\/strong><\/p>\n<p>N\u00e1mietku proti sprac\u00favaniu m\u00f4\u017eete poda\u0165 v nasleduj\u00facich pr\u00edpadoch:<\/p>\n<p>\u2022 Opr\u00e1vnen\u00e9 z\u00e1ujmy<\/p>\n<p>Vo\u010di sprac\u00favaniu zalo\u017een\u00e9mu na na\u0161ich opr\u00e1vnen\u00fdch z\u00e1ujmoch m\u00e1te pr\u00e1vo kedyko\u013evek namieta\u0165 z d\u00f4vodov t\u00fdkaj\u00facich sa Va\u0161ej konkr\u00e9tnej situ\u00e1cie. Ak budeme vedie\u0165 preuk\u00e1za\u0165 presved\u010div\u00fd legit\u00edmny d\u00f4vod sprac\u00favania Va\u0161ich osobn\u00fdch \u00fadajov, ktor\u00fd preva\u017euje nad Va\u0161imi z\u00e1ujmami, pr\u00e1vami a slobodami, alebo ak potrebujeme Va\u0161e osobn\u00e9 \u00fadaje na uplatnenie alebo obhajobu pr\u00e1vnych n\u00e1rokov, potom m\u00f4\u017eeme Va\u0161e \u00fadaje \u010falej sprac\u00fava\u0165. V opa\u010dnom pr\u00edpade mus\u00edme tieto \u00fadaje presta\u0165 \u010falej sprac\u00fava\u0165.<\/p>\n<p>\u2022 Newsletter<\/p>\n<p>M\u00e1te pr\u00e1vo kedyko\u013evek namieta\u0165 vo\u010di sprac\u00favaniu Va\u0161ich osobn\u00fdch \u00fadajov pre \u00fa\u010dely zasielania newsletteru. Ak ste sa prihl\u00e1sili na odber informa\u010dn\u00fdch bulletinov alebo in\u00fdch spr\u00e1v, z tohto odberu sa m\u00f4\u017eete kedyko\u013evek bezplatne odhl\u00e1si\u0165. Z odberu na\u0161ich informa\u010dn\u00fdch materi\u00e1lov sa m\u00f4\u017eete odhl\u00e1si\u0165 na konci ka\u017ed\u00e9ho AMAVET revue zaslan\u00e9ho e-mailom.<\/p><\/p>\n<\/div><\/div><\/div><\/div><\/div><\/section>","protected":false},"excerpt":{"rendered":"","protected":false},"author":1,"featured_media":0,"parent":0,"menu_order":0,"comment_status":"closed","ping_status":"open","template":"","meta":{"om_disable_all_campaigns":false,"_monsterinsights_skip_tracking":false,"_monsterinsights_sitenote_active":false,"_monsterinsights_sitenote_note":"","_monsterinsights_sitenote_category":0,"_uf_show_specific_survey":0,"_uf_disable_surveys":false,"footnotes":""},"class_list":["post-3","page","type-page","status-publish","hentry"],"yoast_head":"<!-- This site is optimized with the Yoast SEO plugin v27.2 - https:\/\/yoast.com\/product\/yoast-seo-wordpress\/ -->\n<title>Z\u00e1sady ochrany osobn\u00fdch \u00fadajov - Festival vedy a techniky AMAVET<\/title>\n<meta name=\"robots\" content=\"index, follow, max-snippet:-1, max-image-preview:large, max-video-preview:-1\" \/>\n<link rel=\"canonical\" href=\"https:\/\/www.festivalvedy.sk\/wp2\/ochrana-sukromia\/\" \/>\n<meta property=\"og:locale\" content=\"sk_SK\" \/>\n<meta property=\"og:type\" content=\"article\" \/>\n<meta property=\"og:title\" content=\"Z\u00e1sady ochrany osobn\u00fdch \u00fadajov - Festival vedy a techniky AMAVET\" \/>\n<meta property=\"og:description\" content=\"Inform\u00e1cie o sprac\u00favan\u00ed a ochrane osobn\u00fdch \u00fadajov Asoci\u00e1cia pre ml\u00e1de\u017e, vedu a techniku venuje pozornos\u0165 zabezpe\u010deniu ochrany Va\u0161ich osobn\u00fdch \u00fadajov. Tento dokument, ktor\u00fd ozna\u010dujeme ako \u201eInform\u00e1cie o sprac\u00favan\u00ed a ochrane osobn\u00fdch \u00fadajov\u201c (\u010falej len \u201eInform\u00e1cie\u201c), opisuje, ako pou\u017e\u00edvame osobn\u00e9 \u00fadaje, ktor\u00e9 o V\u00e1s z\u00edskavame a zhroma\u017e\u010fujeme. POTREBUJETE \u010eAL\u0160IU POMOC? Ak potrebujete s na\u0161imi \u201eInform\u00e1ciami\u201c pom\u00f4c\u0165 [&hellip;]\" \/>\n<meta property=\"og:url\" content=\"https:\/\/www.festivalvedy.sk\/wp2\/ochrana-sukromia\/\" \/>\n<meta property=\"og:site_name\" content=\"Festival vedy a techniky AMAVET\" \/>\n<meta property=\"article:modified_time\" content=\"2019-09-18T11:07:34+00:00\" \/>\n<meta name=\"twitter:card\" content=\"summary_large_image\" \/>\n<meta name=\"twitter:label1\" content=\"Predpokladan\u00fd \u010das \u010d\u00edtania\" \/>\n\t<meta name=\"twitter:data1\" content=\"19 min\u00fat\" \/>\n<script type=\"application\/ld+json\" class=\"yoast-schema-graph\">{\"@context\":\"https:\/\/schema.org\",\"@graph\":[{\"@type\":\"WebPage\",\"@id\":\"https:\/\/www.festivalvedy.sk\/wp2\/ochrana-sukromia\/\",\"url\":\"https:\/\/www.festivalvedy.sk\/wp2\/ochrana-sukromia\/\",\"name\":\"Z\u00e1sady ochrany osobn\u00fdch \u00fadajov - Festival vedy a techniky AMAVET\",\"isPartOf\":{\"@id\":\"https:\/\/www.festivalvedy.sk\/wp2\/#website\"},\"datePublished\":\"2019-09-13T19:05:05+00:00\",\"dateModified\":\"2019-09-18T11:07:34+00:00\",\"breadcrumb\":{\"@id\":\"https:\/\/www.festivalvedy.sk\/wp2\/ochrana-sukromia\/#breadcrumb\"},\"inLanguage\":\"sk-SK\",\"potentialAction\":[{\"@type\":\"ReadAction\",\"target\":[\"https:\/\/www.festivalvedy.sk\/wp2\/ochrana-sukromia\/\"]}]},{\"@type\":\"BreadcrumbList\",\"@id\":\"https:\/\/www.festivalvedy.sk\/wp2\/ochrana-sukromia\/#breadcrumb\",\"itemListElement\":[{\"@type\":\"ListItem\",\"position\":1,\"name\":\"Home\",\"item\":\"https:\/\/www.festivalvedy.sk\/wp2\/\"},{\"@type\":\"ListItem\",\"position\":2,\"name\":\"Z\u00e1sady ochrany osobn\u00fdch \u00fadajov\"}]},{\"@type\":\"WebSite\",\"@id\":\"https:\/\/www.festivalvedy.sk\/wp2\/#website\",\"url\":\"https:\/\/www.festivalvedy.sk\/wp2\/\",\"name\":\"Festival vedy a techniky AMAVET\",\"description\":\"AMAVET - Asoci\u00e1cia pre ml\u00e1de\u017e, vedu a techniku\",\"publisher\":{\"@id\":\"https:\/\/www.festivalvedy.sk\/wp2\/#organization\"},\"potentialAction\":[{\"@type\":\"SearchAction\",\"target\":{\"@type\":\"EntryPoint\",\"urlTemplate\":\"https:\/\/www.festivalvedy.sk\/wp2\/?s={search_term_string}\"},\"query-input\":{\"@type\":\"PropertyValueSpecification\",\"valueRequired\":true,\"valueName\":\"search_term_string\"}}],\"inLanguage\":\"sk-SK\"},{\"@type\":\"Organization\",\"@id\":\"https:\/\/www.festivalvedy.sk\/wp2\/#organization\",\"name\":\"Festival vedy a techniky AMAVET\",\"url\":\"https:\/\/www.festivalvedy.sk\/wp2\/\",\"logo\":{\"@type\":\"ImageObject\",\"inLanguage\":\"sk-SK\",\"@id\":\"https:\/\/www.festivalvedy.sk\/wp2\/#\/schema\/logo\/image\/\",\"url\":\"https:\/\/www.festivalvedy.sk\/wp2\/wp-content\/uploads\/2022\/02\/cropped-fvat-ochranna-zona.png\",\"contentUrl\":\"https:\/\/www.festivalvedy.sk\/wp2\/wp-content\/uploads\/2022\/02\/cropped-fvat-ochranna-zona.png\",\"width\":1190,\"height\":357,\"caption\":\"Festival vedy a techniky AMAVET\"},\"image\":{\"@id\":\"https:\/\/www.festivalvedy.sk\/wp2\/#\/schema\/logo\/image\/\"}}]}<\/script>\n<!-- \/ Yoast SEO plugin. -->","yoast_head_json":{"title":"Z\u00e1sady ochrany osobn\u00fdch \u00fadajov - Festival vedy a techniky AMAVET","robots":{"index":"index","follow":"follow","max-snippet":"max-snippet:-1","max-image-preview":"max-image-preview:large","max-video-preview":"max-video-preview:-1"},"canonical":"https:\/\/www.festivalvedy.sk\/wp2\/ochrana-sukromia\/","og_locale":"sk_SK","og_type":"article","og_title":"Z\u00e1sady ochrany osobn\u00fdch \u00fadajov - Festival vedy a techniky AMAVET","og_description":"Inform\u00e1cie o sprac\u00favan\u00ed a ochrane osobn\u00fdch \u00fadajov Asoci\u00e1cia pre ml\u00e1de\u017e, vedu a techniku venuje pozornos\u0165 zabezpe\u010deniu ochrany Va\u0161ich osobn\u00fdch \u00fadajov. Tento dokument, ktor\u00fd ozna\u010dujeme ako \u201eInform\u00e1cie o sprac\u00favan\u00ed a ochrane osobn\u00fdch \u00fadajov\u201c (\u010falej len \u201eInform\u00e1cie\u201c), opisuje, ako pou\u017e\u00edvame osobn\u00e9 \u00fadaje, ktor\u00e9 o V\u00e1s z\u00edskavame a zhroma\u017e\u010fujeme. POTREBUJETE \u010eAL\u0160IU POMOC? Ak potrebujete s na\u0161imi \u201eInform\u00e1ciami\u201c pom\u00f4c\u0165 [&hellip;]","og_url":"https:\/\/www.festivalvedy.sk\/wp2\/ochrana-sukromia\/","og_site_name":"Festival vedy a techniky AMAVET","article_modified_time":"2019-09-18T11:07:34+00:00","twitter_card":"summary_large_image","twitter_misc":{"Predpokladan\u00fd \u010das \u010d\u00edtania":"19 min\u00fat"},"schema":{"@context":"https:\/\/schema.org","@graph":[{"@type":"WebPage","@id":"https:\/\/www.festivalvedy.sk\/wp2\/ochrana-sukromia\/","url":"https:\/\/www.festivalvedy.sk\/wp2\/ochrana-sukromia\/","name":"Z\u00e1sady ochrany osobn\u00fdch \u00fadajov - Festival vedy a techniky AMAVET","isPartOf":{"@id":"https:\/\/www.festivalvedy.sk\/wp2\/#website"},"datePublished":"2019-09-13T19:05:05+00:00","dateModified":"2019-09-18T11:07:34+00:00","breadcrumb":{"@id":"https:\/\/www.festivalvedy.sk\/wp2\/ochrana-sukromia\/#breadcrumb"},"inLanguage":"sk-SK","potentialAction":[{"@type":"ReadAction","target":["https:\/\/www.festivalvedy.sk\/wp2\/ochrana-sukromia\/"]}]},{"@type":"BreadcrumbList","@id":"https:\/\/www.festivalvedy.sk\/wp2\/ochrana-sukromia\/#breadcrumb","itemListElement":[{"@type":"ListItem","position":1,"name":"Home","item":"https:\/\/www.festivalvedy.sk\/wp2\/"},{"@type":"ListItem","position":2,"name":"Z\u00e1sady ochrany osobn\u00fdch \u00fadajov"}]},{"@type":"WebSite","@id":"https:\/\/www.festivalvedy.sk\/wp2\/#website","url":"https:\/\/www.festivalvedy.sk\/wp2\/","name":"Festival vedy a techniky AMAVET","description":"AMAVET - Asoci\u00e1cia pre ml\u00e1de\u017e, vedu a techniku","publisher":{"@id":"https:\/\/www.festivalvedy.sk\/wp2\/#organization"},"potentialAction":[{"@type":"SearchAction","target":{"@type":"EntryPoint","urlTemplate":"https:\/\/www.festivalvedy.sk\/wp2\/?s={search_term_string}"},"query-input":{"@type":"PropertyValueSpecification","valueRequired":true,"valueName":"search_term_string"}}],"inLanguage":"sk-SK"},{"@type":"Organization","@id":"https:\/\/www.festivalvedy.sk\/wp2\/#organization","name":"Festival vedy a techniky AMAVET","url":"https:\/\/www.festivalvedy.sk\/wp2\/","logo":{"@type":"ImageObject","inLanguage":"sk-SK","@id":"https:\/\/www.festivalvedy.sk\/wp2\/#\/schema\/logo\/image\/","url":"https:\/\/www.festivalvedy.sk\/wp2\/wp-content\/uploads\/2022\/02\/cropped-fvat-ochranna-zona.png","contentUrl":"https:\/\/www.festivalvedy.sk\/wp2\/wp-content\/uploads\/2022\/02\/cropped-fvat-ochranna-zona.png","width":1190,"height":357,"caption":"Festival vedy a techniky AMAVET"},"image":{"@id":"https:\/\/www.festivalvedy.sk\/wp2\/#\/schema\/logo\/image\/"}}]}},"_links":{"self":[{"href":"https:\/\/www.festivalvedy.sk\/wp2\/wp-json\/wp\/v2\/pages\/3","targetHints":{"allow":["GET"]}}],"collection":[{"href":"https:\/\/www.festivalvedy.sk\/wp2\/wp-json\/wp\/v2\/pages"}],"about":[{"href":"https:\/\/www.festivalvedy.sk\/wp2\/wp-json\/wp\/v2\/types\/page"}],"author":[{"embeddable":true,"href":"https:\/\/www.festivalvedy.sk\/wp2\/wp-json\/wp\/v2\/users\/1"}],"replies":[{"embeddable":true,"href":"https:\/\/www.festivalvedy.sk\/wp2\/wp-json\/wp\/v2\/comments?post=3"}],"version-history":[{"count":2,"href":"https:\/\/www.festivalvedy.sk\/wp2\/wp-json\/wp\/v2\/pages\/3\/revisions"}],"predecessor-version":[{"id":904,"href":"https:\/\/www.festivalvedy.sk\/wp2\/wp-json\/wp\/v2\/pages\/3\/revisions\/904"}],"wp:attachment":[{"href":"https:\/\/www.festivalvedy.sk\/wp2\/wp-json\/wp\/v2\/media?parent=3"}],"curies":[{"name":"wp","href":"https:\/\/api.w.org\/{rel}","templated":true}]}}