{"id":30,"date":"2019-09-13T21:16:59","date_gmt":"2019-09-13T19:16:59","guid":{"rendered":"https:\/\/www.festivalvedy.sk\/wp2\/?page_id=30"},"modified":"2024-05-10T10:15:49","modified_gmt":"2024-05-10T08:15:49","slug":"o-sutazi","status":"publish","type":"page","link":"https:\/\/www.festivalvedy.sk\/wp2\/o-sutazi\/","title":{"rendered":"O s\u00fa\u0165a\u017ei"},"content":{"rendered":"<section class=\"kc-elm kc-css-457805 kc_row\"><div class=\"kc-row-container  kc-container\"><div class=\"kc-wrap-columns\"><div class=\"kc-elm kc-css-848191 kc_col-sm-12 kc_column kc_col-sm-12\"><div class=\"kc-col-container\"><div class=\"kc-elm kc-css-925026 kc_text_block\"><p>Asoci\u00e1cia pre ml\u00e1de\u017e, vedu a techniku op\u00e4\u0165 realizuje po\u010das novembrov\u00e9ho T\u00dd\u017dD\u0147A VEDY A TECHNIKY NA SLOVENSKU\u00a0celoslovensk\u00fa prehliadku vedecko-technick\u00fdch pr\u00e1c \u2013 Festival vedy a techniky AMAVET (FVAT). FVAT je celo\u0161t\u00e1tnou s\u00fa\u0165a\u017enou prehliadkou vedecko-technick\u00fdch projektov \u017eiakov z\u00e1kladn\u00fdch a stredn\u00fdch \u0161k\u00f4l, ktor\u00ed prezentuj\u00fa svoju b\u00e1date\u013esk\u00fa\u00a0\u010dinnos\u0165 pomocou panelovej (posterovej) prezent\u00e1cie. Ich projekty hodnot\u00ed odborn\u00e1 komisia zlo\u017een\u00e1 z vedcov \u010di vysoko\u0161kolsk\u00fdch pedag\u00f3gov.\u00a0<\/p>\n<p><!-- \/wp:post-content --><\/p>\n<p><!-- wp:paragraph --><\/p>\n<p>Celo\u0161t\u00e1tnemu fin\u00e1le FVAT\u00a0predch\u00e1dzaj\u00fa krajsk\u00e9 kol\u00e1 v mest\u00e1ch Bratislava (Bratislavsk\u00fd a Trnavsk\u00fd kraj), Nitra, Partiz\u00e1nske (Tren\u010diansky kraj), Bansk\u00e1 Bystrica, \u017dilina a Ko\u0161ice alebo Pre\u0161ov (Ko\u0161ick\u00fd a Pre\u0161ovsk\u00fd kraj).<\/p>\n<p><!-- \/wp:paragraph --><\/p>\n<p><!-- wp:paragraph --><\/p>\n<p>V\u00ed\u0165azi krajsk\u00fdch k\u00f4l FVAT postupuj\u00fa do celo\u0161t\u00e1tneho fin\u00e1le,\u00a0ktor\u00e9 sa uskuto\u010dn\u00ed v\u00a0Bratislave. Po\u010das neho s\u00fa\u0165a\u017eia o\u00a0mno\u017estvo vecn\u00fdch cien a postup na svetov\u00e9 a\u00a0n\u00e1rodn\u00e9 vedecko-technick\u00e9 s\u00fa\u0165a\u017ee a festivaly.<\/p>\n<p><!-- \/wp:paragraph --><\/p>\n<p><!-- wp:paragraph --><\/p>\n<p>FVAT\u00a0je Slovensk\u00fdm n\u00e1rodn\u00fdm kolom s\u00fa\u0165a\u017ee Eur\u00f3pskej \u00fanie pre mlad\u00fdch vedcov \u2013\u00a0<a href=\"http:\/\/ec.europa.eu\/research\/eucys\/index_en.cfm\" target=\"_blank\" rel=\"noreferrer noopener\">EUCYS<\/a>. V\u00fdhercovia n\u00e1rodnej s\u00fa\u0165a\u017ee s\u00fa nominovan\u00ed na eur\u00f3pske fin\u00e1le EUCYS. S\u00fa\u0165a\u017e EUCYS je vyhlasovan\u00e1 Direktori\u00e1tom v\u00fdskumu a inov\u00e1ci\u00ed Eur\u00f3pskej komisie ka\u017edoro\u010dne v okt\u00f3bri. S\u00fa\u0165a\u017e sa realizuje na \u00farovni n\u00e1rodn\u00fdch k\u00f4l v 40 \u010dlensk\u00fdch \u0161t\u00e1toch s\u00fa\u0165a\u017ee, ktor\u00e9 vyvrcholia nasleduj\u00faci rok v septembri eur\u00f3pskym fin\u00e1le.<\/p>\n<p><!-- \/wp:paragraph --><\/p>\n<p><!-- wp:paragraph --><\/p>\n<p>FVAT je na Slovensku jedinou vstupnou br\u00e1nou pre \u00fa\u010das\u0165 na najprest\u00ed\u017enej\u0161\u00edch svetov\u00fdch s\u00fa\u0165a\u017eiach vedeck\u00fdch pr\u00e1c stredo\u0161kolskej ml\u00e1de\u017ee\u00a0<a href=\"https:\/\/student.societyforscience.org\/intel-isef\" target=\"_blank\" rel=\"noreferrer noopener\">ISEF<\/a>\u00a0(USA) a <a href=\"http:\/\/www.cyscc.org.cn\/\" target=\"_blank\" rel=\"noreferrer noopener\">EUCYS <\/a>(Eur\u00f3pa).<\/p>\n<p><!-- \/wp:paragraph --><\/p>\n<p><!-- wp:paragraph --><\/p>\n<p>\u017diaci m\u00f4\u017eu svoje projekty na krajsk\u00e9 kol\u00e1 prihlasova\u0165 na webovej str\u00e1nke s\u00fa\u0165a\u017ee, registra\u010dn\u00fd formul\u00e1r sa zverej\u0148uje k 1. septembru.\u00a0T\u00ed najlep\u0161\u00ed z\u00a0krajsk\u00fdch k\u00f4l postupuj\u00fa na celoslovensk\u00e9 fin\u00e1le s\u00fa\u0165a\u017ee.<\/p>\n<p><!-- \/wp:paragraph --><\/p>\n<p><!-- wp:paragraph --><\/p>\n<p>Mo\u017enos\u0165 z\u00fa\u010dastni\u0165 sa na Festivale vedy a techniky AMAVET je silnou motiv\u00e1ciou a pr\u00edle\u017eitos\u0165ou pre mlad\u00fdch autorov projektov otvori\u0165 sa nov\u00fdm in\u0161pir\u00e1ci\u00e1m, priate\u013estv\u00e1m a tvorivosti. V AMAVET-e pom\u00e1haj\u00fa \u017eiakom naplni\u0165 ich predstavy, preto\u017ee s\u00fa presved\u010den\u00ed, \u017ee podporova\u0165 rozvoj vzdel\u00e1vania a z\u00e1ujem o vedu pom\u00f4\u017ee rozvoju vedomostnej spolo\u010dnosti.<\/p>\n<p><!-- \/wp:paragraph --><\/p>\n<p><!-- wp:paragraph --><\/p>\n<\/p>\n<p><!-- \/wp:paragraph --><\/p>\n<\/div><\/div><\/div><\/div><\/div><\/section>","protected":false},"excerpt":{"rendered":"","protected":false},"author":1,"featured_media":0,"parent":0,"menu_order":0,"comment_status":"closed","ping_status":"closed","template":"","meta":{"om_disable_all_campaigns":false,"_monsterinsights_skip_tracking":false,"_uf_show_specific_survey":0,"_uf_disable_surveys":false,"footnotes":""},"class_list":["post-30","page","type-page","status-publish","hentry"],"yoast_head":"<!-- This site is optimized with the Yoast SEO plugin v27.2 - https:\/\/yoast.com\/product\/yoast-seo-wordpress\/ -->\n<title>O s\u00fa\u0165a\u017ei - Festival vedy a techniky AMAVET<\/title>\n<meta name=\"robots\" content=\"index, follow, max-snippet:-1, max-image-preview:large, max-video-preview:-1\" \/>\n<link rel=\"canonical\" href=\"https:\/\/www.festivalvedy.sk\/wp2\/o-sutazi\/\" \/>\n<meta property=\"og:locale\" content=\"sk_SK\" \/>\n<meta property=\"og:type\" content=\"article\" \/>\n<meta property=\"og:title\" content=\"O s\u00fa\u0165a\u017ei - Festival vedy a techniky AMAVET\" \/>\n<meta property=\"og:description\" content=\"Asoci\u00e1cia pre ml\u00e1de\u017e, vedu a techniku op\u00e4\u0165 realizuje po\u010das novembrov\u00e9ho T\u00dd\u017dD\u0147A VEDY A TECHNIKY NA SLOVENSKU\u00a0celoslovensk\u00fa prehliadku vedecko-technick\u00fdch pr\u00e1c \u2013 Festival vedy a techniky AMAVET (FVAT). FVAT je celo\u0161t\u00e1tnou s\u00fa\u0165a\u017enou prehliadkou vedecko-technick\u00fdch projektov \u017eiakov z\u00e1kladn\u00fdch a stredn\u00fdch \u0161k\u00f4l, ktor\u00ed prezentuj\u00fa svoju b\u00e1date\u013esk\u00fa\u00a0\u010dinnos\u0165 pomocou panelovej (posterovej) prezent\u00e1cie. Ich projekty hodnot\u00ed odborn\u00e1 komisia zlo\u017een\u00e1 z vedcov \u010di [&hellip;]\" \/>\n<meta property=\"og:url\" content=\"https:\/\/www.festivalvedy.sk\/wp2\/o-sutazi\/\" \/>\n<meta property=\"og:site_name\" content=\"Festival vedy a techniky AMAVET\" \/>\n<meta property=\"article:modified_time\" content=\"2024-05-10T08:15:49+00:00\" \/>\n<meta name=\"twitter:card\" content=\"summary_large_image\" \/>\n<meta name=\"twitter:label1\" content=\"Predpokladan\u00fd \u010das \u010d\u00edtania\" \/>\n\t<meta name=\"twitter:data1\" content=\"2 min\u00faty\" \/>\n<script type=\"application\/ld+json\" class=\"yoast-schema-graph\">{\"@context\":\"https:\/\/schema.org\",\"@graph\":[{\"@type\":\"WebPage\",\"@id\":\"https:\/\/www.festivalvedy.sk\/wp2\/o-sutazi\/\",\"url\":\"https:\/\/www.festivalvedy.sk\/wp2\/o-sutazi\/\",\"name\":\"O s\u00fa\u0165a\u017ei - Festival vedy a techniky AMAVET\",\"isPartOf\":{\"@id\":\"https:\/\/www.festivalvedy.sk\/wp2\/#website\"},\"datePublished\":\"2019-09-13T19:16:59+00:00\",\"dateModified\":\"2024-05-10T08:15:49+00:00\",\"breadcrumb\":{\"@id\":\"https:\/\/www.festivalvedy.sk\/wp2\/o-sutazi\/#breadcrumb\"},\"inLanguage\":\"sk-SK\",\"potentialAction\":[{\"@type\":\"ReadAction\",\"target\":[\"https:\/\/www.festivalvedy.sk\/wp2\/o-sutazi\/\"]}]},{\"@type\":\"BreadcrumbList\",\"@id\":\"https:\/\/www.festivalvedy.sk\/wp2\/o-sutazi\/#breadcrumb\",\"itemListElement\":[{\"@type\":\"ListItem\",\"position\":1,\"name\":\"Home\",\"item\":\"https:\/\/www.festivalvedy.sk\/wp2\/\"},{\"@type\":\"ListItem\",\"position\":2,\"name\":\"O s\u00fa\u0165a\u017ei\"}]},{\"@type\":\"WebSite\",\"@id\":\"https:\/\/www.festivalvedy.sk\/wp2\/#website\",\"url\":\"https:\/\/www.festivalvedy.sk\/wp2\/\",\"name\":\"Festival vedy a techniky AMAVET\",\"description\":\"AMAVET - Asoci\u00e1cia pre ml\u00e1de\u017e, vedu a techniku\",\"publisher\":{\"@id\":\"https:\/\/www.festivalvedy.sk\/wp2\/#organization\"},\"potentialAction\":[{\"@type\":\"SearchAction\",\"target\":{\"@type\":\"EntryPoint\",\"urlTemplate\":\"https:\/\/www.festivalvedy.sk\/wp2\/?s={search_term_string}\"},\"query-input\":{\"@type\":\"PropertyValueSpecification\",\"valueRequired\":true,\"valueName\":\"search_term_string\"}}],\"inLanguage\":\"sk-SK\"},{\"@type\":\"Organization\",\"@id\":\"https:\/\/www.festivalvedy.sk\/wp2\/#organization\",\"name\":\"Festival vedy a techniky AMAVET\",\"url\":\"https:\/\/www.festivalvedy.sk\/wp2\/\",\"logo\":{\"@type\":\"ImageObject\",\"inLanguage\":\"sk-SK\",\"@id\":\"https:\/\/www.festivalvedy.sk\/wp2\/#\/schema\/logo\/image\/\",\"url\":\"https:\/\/www.festivalvedy.sk\/wp2\/wp-content\/uploads\/2022\/02\/cropped-fvat-ochranna-zona.png\",\"contentUrl\":\"https:\/\/www.festivalvedy.sk\/wp2\/wp-content\/uploads\/2022\/02\/cropped-fvat-ochranna-zona.png\",\"width\":1190,\"height\":357,\"caption\":\"Festival vedy a techniky AMAVET\"},\"image\":{\"@id\":\"https:\/\/www.festivalvedy.sk\/wp2\/#\/schema\/logo\/image\/\"}}]}<\/script>\n<!-- \/ Yoast SEO plugin. -->","yoast_head_json":{"title":"O s\u00fa\u0165a\u017ei - Festival vedy a techniky AMAVET","robots":{"index":"index","follow":"follow","max-snippet":"max-snippet:-1","max-image-preview":"max-image-preview:large","max-video-preview":"max-video-preview:-1"},"canonical":"https:\/\/www.festivalvedy.sk\/wp2\/o-sutazi\/","og_locale":"sk_SK","og_type":"article","og_title":"O s\u00fa\u0165a\u017ei - Festival vedy a techniky AMAVET","og_description":"Asoci\u00e1cia pre ml\u00e1de\u017e, vedu a techniku op\u00e4\u0165 realizuje po\u010das novembrov\u00e9ho T\u00dd\u017dD\u0147A VEDY A TECHNIKY NA SLOVENSKU\u00a0celoslovensk\u00fa prehliadku vedecko-technick\u00fdch pr\u00e1c \u2013 Festival vedy a techniky AMAVET (FVAT). FVAT je celo\u0161t\u00e1tnou s\u00fa\u0165a\u017enou prehliadkou vedecko-technick\u00fdch projektov \u017eiakov z\u00e1kladn\u00fdch a stredn\u00fdch \u0161k\u00f4l, ktor\u00ed prezentuj\u00fa svoju b\u00e1date\u013esk\u00fa\u00a0\u010dinnos\u0165 pomocou panelovej (posterovej) prezent\u00e1cie. Ich projekty hodnot\u00ed odborn\u00e1 komisia zlo\u017een\u00e1 z vedcov \u010di [&hellip;]","og_url":"https:\/\/www.festivalvedy.sk\/wp2\/o-sutazi\/","og_site_name":"Festival vedy a techniky AMAVET","article_modified_time":"2024-05-10T08:15:49+00:00","twitter_card":"summary_large_image","twitter_misc":{"Predpokladan\u00fd \u010das \u010d\u00edtania":"2 min\u00faty"},"schema":{"@context":"https:\/\/schema.org","@graph":[{"@type":"WebPage","@id":"https:\/\/www.festivalvedy.sk\/wp2\/o-sutazi\/","url":"https:\/\/www.festivalvedy.sk\/wp2\/o-sutazi\/","name":"O s\u00fa\u0165a\u017ei - Festival vedy a techniky AMAVET","isPartOf":{"@id":"https:\/\/www.festivalvedy.sk\/wp2\/#website"},"datePublished":"2019-09-13T19:16:59+00:00","dateModified":"2024-05-10T08:15:49+00:00","breadcrumb":{"@id":"https:\/\/www.festivalvedy.sk\/wp2\/o-sutazi\/#breadcrumb"},"inLanguage":"sk-SK","potentialAction":[{"@type":"ReadAction","target":["https:\/\/www.festivalvedy.sk\/wp2\/o-sutazi\/"]}]},{"@type":"BreadcrumbList","@id":"https:\/\/www.festivalvedy.sk\/wp2\/o-sutazi\/#breadcrumb","itemListElement":[{"@type":"ListItem","position":1,"name":"Home","item":"https:\/\/www.festivalvedy.sk\/wp2\/"},{"@type":"ListItem","position":2,"name":"O s\u00fa\u0165a\u017ei"}]},{"@type":"WebSite","@id":"https:\/\/www.festivalvedy.sk\/wp2\/#website","url":"https:\/\/www.festivalvedy.sk\/wp2\/","name":"Festival vedy a techniky AMAVET","description":"AMAVET - Asoci\u00e1cia pre ml\u00e1de\u017e, vedu a techniku","publisher":{"@id":"https:\/\/www.festivalvedy.sk\/wp2\/#organization"},"potentialAction":[{"@type":"SearchAction","target":{"@type":"EntryPoint","urlTemplate":"https:\/\/www.festivalvedy.sk\/wp2\/?s={search_term_string}"},"query-input":{"@type":"PropertyValueSpecification","valueRequired":true,"valueName":"search_term_string"}}],"inLanguage":"sk-SK"},{"@type":"Organization","@id":"https:\/\/www.festivalvedy.sk\/wp2\/#organization","name":"Festival vedy a techniky AMAVET","url":"https:\/\/www.festivalvedy.sk\/wp2\/","logo":{"@type":"ImageObject","inLanguage":"sk-SK","@id":"https:\/\/www.festivalvedy.sk\/wp2\/#\/schema\/logo\/image\/","url":"https:\/\/www.festivalvedy.sk\/wp2\/wp-content\/uploads\/2022\/02\/cropped-fvat-ochranna-zona.png","contentUrl":"https:\/\/www.festivalvedy.sk\/wp2\/wp-content\/uploads\/2022\/02\/cropped-fvat-ochranna-zona.png","width":1190,"height":357,"caption":"Festival vedy a techniky AMAVET"},"image":{"@id":"https:\/\/www.festivalvedy.sk\/wp2\/#\/schema\/logo\/image\/"}}]}},"_links":{"self":[{"href":"https:\/\/www.festivalvedy.sk\/wp2\/wp-json\/wp\/v2\/pages\/30","targetHints":{"allow":["GET"]}}],"collection":[{"href":"https:\/\/www.festivalvedy.sk\/wp2\/wp-json\/wp\/v2\/pages"}],"about":[{"href":"https:\/\/www.festivalvedy.sk\/wp2\/wp-json\/wp\/v2\/types\/page"}],"author":[{"embeddable":true,"href":"https:\/\/www.festivalvedy.sk\/wp2\/wp-json\/wp\/v2\/users\/1"}],"replies":[{"embeddable":true,"href":"https:\/\/www.festivalvedy.sk\/wp2\/wp-json\/wp\/v2\/comments?post=30"}],"version-history":[{"count":6,"href":"https:\/\/www.festivalvedy.sk\/wp2\/wp-json\/wp\/v2\/pages\/30\/revisions"}],"predecessor-version":[{"id":4413,"href":"https:\/\/www.festivalvedy.sk\/wp2\/wp-json\/wp\/v2\/pages\/30\/revisions\/4413"}],"wp:attachment":[{"href":"https:\/\/www.festivalvedy.sk\/wp2\/wp-json\/wp\/v2\/media?parent=30"}],"curies":[{"name":"wp","href":"https:\/\/api.w.org\/{rel}","templated":true}]}}